{"id":16780,"date":"2020-11-12T18:12:28","date_gmt":"2020-11-12T17:12:28","guid":{"rendered":"http:\/\/soeurs-de-la-presentation-de-marie.org\/pom\/?page_id=16780"},"modified":"2020-11-20T22:41:01","modified_gmt":"2020-11-20T21:41:01","slug":"novena-2020","status":"publish","type":"page","link":"https:\/\/soeurs-de-la-presentation-de-marie.org\/pom\/novena-2020\/","title":{"rendered":"Novena 2020"},"content":{"rendered":"<div class=\"wpb-content-wrapper\"><p>[vc_row][vc_column][vc_custom_heading text=&#8221;PRESENTACI\u00d3N DE LA NOVENA&#8221; font_container=&#8221;tag:h2|font_size:30|text_align:center|color:%230066bf&#8221; google_fonts=&#8221;font_family:Roboto%3A100%2C100italic%2C300%2C300italic%2Cregular%2Citalic%2C500%2C500italic%2C700%2C700italic%2C900%2C900italic|font_style:400%20regular%3A400%3Anormal&#8221;][vc_empty_space height=&#8221;50px&#8221;][vc_column_text]<span style=\"color: #003366;\">La novena de este a\u00f1o nos invita a mirar a Mar\u00eda, modelo de <strong>escucha <img loading=\"lazy\" decoding=\"async\" class=\"alignright wp-image-16737 size-full\" src=\"https:\/\/soeurs-de-la-presentation-de-marie.org\/pom\/wp-content\/uploads\/2020\/11\/Neuvaine.jpg\" alt=\"\" width=\"376\" height=\"479\">de la Palabra de Dios.<\/strong> El Papa Francisco en diversas intervenciones no cesa de recordarnos que cada uno de nosotros posee en su coraz\u00f3n la semilla de la Palabra. Corresponde a todo bautizado hacerla fructificar distinguiendo entre tantas voces y tantas palabras la del Se\u00f1or, la \u00fanica que nos hace libres. Anima a <strong>\u00abacostumbrarse a escuchar la Palabra de Dios\u00bb<\/strong> invitando a tener siempre consigo una Biblia. Estableci\u00f3 el tercer domingo del tiempo ordinario, domingo de la Palabra de Dios.<\/span><\/p>\n<p><span style=\"color: #003366;\">Conocemos el lugar de la Palabra de Dios en la vida de nuestra fundadora Mar\u00eda Rivier. En esta etapa de nuestra historia, es oportuno volver a la primera de las bienaventuranzas: <strong>Dichosos m\u00e1s bien los que escuchan la palabra de Dios y la guardan.<\/strong><\/span><\/p>\n<p><span style=\"color: #003366;\">La novena comienza con el pr\u00f3logo de Sn Juan&nbsp;: <em>En el principio exist\u00eda la Palabra y la Palabra estaba con Dios, y la Palabra era Dios. <\/em>(Jn 1, 1) y termina con la invitaci\u00f3n de la Virgen&nbsp;: <em>Haced lo que &nbsp;\u00e9l os diga.<\/em> (Jn 2, 5)&nbsp; <\/span><\/p>\n<p><span style=\"color: #003366;\">Inspiradas por Mar\u00eda, nos ponemos a la escucha de la Palabra, conscientes &nbsp;<em>que nuestra relaci\u00f3n personal y comunitaria con Dios depende del aumento de nuestra familiaridad con la Palabra divina.&nbsp;<\/em> (<em>Verbum Domini<\/em>, 124). Que Mar\u00eda, Virgen del silencio, mujer atenta al Esp\u00edritu, siempre a la escucha de la Palabra, nos acompa\u00f1e y nos obtenga la bendici\u00f3n del Padre para que se produzca <em>un nuevo comienzo<\/em> en el coraz\u00f3n de cada presentina.<\/span><\/p>\n<p>&nbsp;<\/p>\n<p><span style=\"color: #003366;\">En comuni\u00f3n con mis consejeras, os deseo una fervorosa novena y una bell\u00edsima fiesta de la Presentaci\u00f3n de Mar\u00eda.<\/span><\/p>\n<p><span style=\"color: #003366;\">Madre Maria dos Anjos Alves, pm<\/span><\/p>\n<p><span style=\"color: #003366;\">Superiora general<\/span>[\/vc_column_text][\/vc_column][\/vc_row][vc_row][vc_column][vc_custom_heading text=&#8221;S\u00e1bado 21 de noviembre de 2020 En comuni\u00f3 con toda la familia espiritual de Mar\u00eda Rivier<br \/>\n&#8221; font_container=&#8221;tag:h2|font_size:26|text_align:center|color:%230066bf&#8221; google_fonts=&#8221;font_family:Rosario%3Aregular%2Citalic%2C700%2C700italic|font_style:400%20regular%3A400%3Anormal&#8221;][vc_video link=&#8221;https:\/\/youtu.be\/dun0qaKA9ps&#8221; el_width=&#8221;80&#8243; align=&#8221;center&#8221;][\/vc_column][\/vc_row][vc_row][vc_column][vc_custom_heading text=&#8221;Viernes 20 de noviembre de 2020 En comuni\u00f3n Gambia, Senegal, Burkina Faso&#8221; font_container=&#8221;tag:h2|font_size:26|text_align:left|color:%230066bf&#8221; google_fonts=&#8221;font_family:Rosario%3Aregular%2Citalic%2C700%2C700italic|font_style:400%20regular%3A400%3Anormal&#8221;][vc_hoverbox image=&#8221;17240&#8243; primary_title=&#8221;&#8221; hover_title=&#8221;Hermanas de la Presentaci\u00f3n de Mar\u00eda, estamos, a pesar de nuestra debilidad, al servicio de la Palabra.\u2026 C 107&#8243; hover_title_font_container=&#8221;font_size:24|color:%23ffffff&#8221; hover_title_google_fonts=&#8221;font_family:Rosario%3Aregular%2Citalic%2C700%2C700italic|font_style:400%20regular%3A400%3Anormal&#8221; hover_background_color=&#8221;sandy-brown&#8221; use_custom_fonts_hover_title=&#8221;true&#8221;]<\/p>\n<p style=\"text-align: center;\"><strong>Virgen Mar\u00eda, <\/strong><\/p>\n<p style=\"text-align: center;\"><strong>t\u00fa eres nuestra Madre y guardiana, <\/strong><\/p>\n<p style=\"text-align: center;\"><strong>ruega por nosotras: que nos comprometamos<\/strong><\/p>\n<p style=\"text-align: center;\"><strong>&nbsp;en la salvaguardia de la Creaci\u00f3n<\/strong><\/p>\n<p style=\"text-align: center;\"><strong>&nbsp;y la promoci\u00f3n de una ecolog\u00eda integral.<\/strong><\/p>\n<p>[\/vc_hoverbox][vc_custom_heading text=&#8221;Palabra de Dios&#8221; font_container=&#8221;tag:h2|font_size:26|text_align:left|color:%230066bf&#8221; google_fonts=&#8221;font_family:Rosario%3Aregular%2Citalic%2C700%2C700italic|font_style:400%20regular%3A400%3Anormal&#8221;][vc_column_text]<strong>Flp 2, 5-8<\/strong><\/p>\n<p><em>&nbsp;Tened entre vosotros los mismos sentimientos que Cristo: El cual, siendo de condici\u00f3n divina, no retuvo \u00e1vidamente el ser igual a Dios. &nbsp;Sino que se despoj\u00f3 de s\u00ed mismo tomando condici\u00f3n de siervo haci\u00e9ndose semejante a los hombres y apareciendo en su porte como hombre;&nbsp; y se humill\u00f3 a s\u00ed mismo, obedeciendo hasta la muerte y muerte de cruz.<\/em><\/p>\n<p><strong>&nbsp;<\/strong>[\/vc_column_text][vc_row_inner][vc_column_inner width=&#8221;1\/4&#8243;][vc_custom_heading text=&#8221;Comentario&#8221; font_container=&#8221;tag:h2|font_size:26|text_align:left|color:%230066bf&#8221; google_fonts=&#8221;font_family:Rosario%3Aregular%2Citalic%2C700%2C700italic|font_style:400%20regular%3A400%3Anormal&#8221;][vc_column_text]\u00ab Deseo que el celo os devore como a san Francisco Javier, que dec\u00eda que mientras hubiera un rinc\u00f3n de tierra donde Jesucristo no fuera conocido, su celo lo devorar\u00eda y no descansar\u00eda; trabajad por establecer su reino en todos los corazones. Para ello es necesario que el vuestro est\u00e9 ardiente de su amor; lo ser\u00e1 en la medida en que trabaj\u00e9is por conocerlo, y lo medit\u00e9is\u00bb.<\/p>\n<p>Mar\u00eda &nbsp;Rivier[\/vc_column_text][\/vc_column_inner][vc_column_inner width=&#8221;3\/4&#8243;][vc_custom_heading text=&#8221;Oremos&#8221; font_container=&#8221;tag:h2|font_size:26|text_align:center|color:%230066bf&#8221; google_fonts=&#8221;font_family:Rosario%3Aregular%2Citalic%2C700%2C700italic|font_style:400%20regular%3A400%3Anormal&#8221;][vc_column_text]<img loading=\"lazy\" decoding=\"async\" class=\"aligncenter wp-image-17256 size-full\" src=\"https:\/\/soeurs-de-la-presentation-de-marie.org\/pom\/wp-content\/uploads\/2020\/11\/20-prayers_ESP.jpg\" alt=\"\" width=\"1280\" height=\"720\">[\/vc_column_text][\/vc_column_inner][\/vc_row_inner][vc_zigzag color=&#8221;sandy_brown&#8221; el_width=&#8221;80&#8243; el_border_width=&#8221;10&#8243;][\/vc_column][\/vc_row][vc_row][vc_column][vc_custom_heading text=&#8221;Jueves 19 de noviembre de 2020 En comuni\u00f3N con Mozambique, Camer\u00fan, Ghana&#8221; font_container=&#8221;tag:h2|font_size:26|text_align:left|color:%230066bf&#8221; google_fonts=&#8221;font_family:Rosario%3Aregular%2Citalic%2C700%2C700italic|font_style:400%20regular%3A400%3Anormal&#8221;][vc_hoverbox image=&#8221;17200&#8243; primary_title=&#8221;&#8221; hover_title=&#8221;\u00a1Que la palabra de Cristo habite en vosotros con toda su riqueza ! Col 3,16&#8243; hover_title_font_container=&#8221;font_size:22|color:%23c6770f&#8221; hover_title_google_fonts=&#8221;font_family:Rosario%3Aregular%2Citalic%2C700%2C700italic|font_style:400%20regular%3A400%3Anormal&#8221; css_animation=&#8221;fadeIn&#8221; use_custom_fonts_hover_title=&#8221;true&#8221;]<\/p>\n<h3 style=\"text-align: center;\"><strong>Virgen Mar\u00eda, <\/strong><\/h3>\n<h3 style=\"text-align: center;\"><strong>en el Cen\u00e1culo has presidido <\/strong><\/h3>\n<h3 style=\"text-align: center;\"><strong>la oraci\u00f3n de los Ap\u00f3stoles y la espera del Esp\u00edritu, <\/strong><\/h3>\n<h3 style=\"text-align: center;\"><strong>ruega por nosotras: <\/strong><\/h3>\n<h3 style=\"text-align: center;\"><strong>que la celebraci\u00f3n del 225 <\/strong><\/h3>\n<h3 style=\"text-align: center;\"><strong>aniversario de la fundaci\u00f3n de nuestra congregaci\u00f3n <\/strong><\/h3>\n<h3 style=\"text-align: center;\"><strong>sea fuente de renovaci\u00f3n espiritual.<\/strong><\/h3>\n<p>[\/vc_hoverbox][vc_custom_heading text=&#8221;Palabra de Dios&#8221; font_container=&#8221;tag:h2|font_size:22|text_align:left|color:%230066bf&#8221; google_fonts=&#8221;font_family:Rosario%3Aregular%2Citalic%2C700%2C700italic|font_style:400%20regular%3A400%3Anormal&#8221;][vc_column_text]<strong>Is 55,10-11 <\/strong><\/p>\n<p><em>Como descienden la lluvia y la nieve de los cielos y no vuelven all\u00e1, sino que empapan la tierra, la fecundan y la hacen germinar, para que d\u00e9 simiente al sembrador y pan para comer,&nbsp; &nbsp;as\u00ed ser\u00e1 mi palabra, la que salga de mi boca, que no tornar\u00e1 a m\u00ed de vac\u00edo, sin que haya realizado lo que me plugo y haya cumplido aquello a que la envi\u00e9. <\/em>[\/vc_column_text][vc_row_inner][vc_column_inner width=&#8221;1\/4&#8243;][vc_custom_heading text=&#8221;Comentario&#8221; font_container=&#8221;tag:h2|font_size:22|text_align:left|color:%230066bf&#8221; google_fonts=&#8221;font_family:Rosario%3Aregular%2Citalic%2C700%2C700italic|font_style:400%20regular%3A400%3Anormal&#8221;][vc_column_text]<em>S\u00f3lo quiero saber entre vosotros a Jesucristo <\/em><em>,<\/em>1 Co 2,2. Siento tan fuerte la necesidad de formarnos en Jesucristo que desde ahora s\u00f3lo quiero hablaros de \u00e9l. Qu\u00e9 renovaci\u00f3n se har\u00eda en todo el Cuerpo, si todas nos aplic\u00e1ramos al conocimiento de Jesucristo, si estudi\u00e1ramos este gran libro que hizo santos a todos.<\/p>\n<p>Mar\u00eda Rivier[\/vc_column_text][\/vc_column_inner][vc_column_inner width=&#8221;3\/4&#8243;][vc_custom_heading text=&#8221;Oremos&#8221; font_container=&#8221;tag:h2|font_size:22|text_align:center|color:%230066bf&#8221; google_fonts=&#8221;font_family:Rosario%3Aregular%2Citalic%2C700%2C700italic|font_style:400%20regular%3A400%3Anormal&#8221;][vc_column_text]<img loading=\"lazy\" decoding=\"async\" class=\"size-medium wp-image-17204 aligncenter\" src=\"https:\/\/soeurs-de-la-presentation-de-marie.org\/pom\/wp-content\/uploads\/2020\/11\/PRAYER-19_ESP-750x510.jpg\" alt=\"\" width=\"750\" height=\"510\">[\/vc_column_text][\/vc_column_inner][\/vc_row_inner][vc_zigzag color=&#8221;pink&#8221; el_width=&#8221;80&#8243; el_border_width=&#8221;10&#8243; css_animation=&#8221;fadeIn&#8221;][\/vc_column][\/vc_row][vc_row row_space=&#8221;remove_padding_bottom&#8221;][vc_column][vc_custom_heading text=&#8221;Miercoles 18 de noviembre de 2020 En comuni\u00f3n con Per\u00fa, Brasil&#8221; font_container=&#8221;tag:h2|font_size:26|text_align:left|color:%230066bf&#8221; google_fonts=&#8221;font_family:Rosario%3Aregular%2Citalic%2C700%2C700italic|font_style:400%20regular%3A400%3Anormal&#8221;][vc_hoverbox image=&#8221;17138&#8243; primary_title=&#8221;&#8221; hover_title=&#8221;\u2026Mi madre y mis hermanos son aquellos que oyen la Palabra de Dios y la cumplen \u2026. Lc 8,21&#8243; hover_title_font_container=&#8221;font_size:24|color:%23ffffff&#8221; hover_title_google_fonts=&#8221;font_family:Rosario%3Aregular%2Citalic%2C700%2C700italic|font_style:400%20regular%3A400%3Anormal&#8221; hover_background_color=&#8221;sky&#8221; css_animation=&#8221;slideInLeft&#8221; use_custom_fonts_primary_title=&#8221;true&#8221; use_custom_fonts_hover_title=&#8221;true&#8221;]<\/p>\n<h3>&nbsp;<\/h3>\n<h3 style=\"text-align: center;\"><span style=\"color: #ffffff;\"><strong>Virgen Mar\u00eda, disc\u00edpula atenta y silenciosa, <\/strong><\/span><\/h3>\n<h3 style=\"text-align: center;\"><span style=\"color: #ffffff;\"><strong>has meditado en tu coraz\u00f3n la Palabra, <\/strong><\/span><\/h3>\n<h3 style=\"text-align: center;\"><span style=\"color: #ffffff;\"><strong>ruega por nosotras: <\/strong><\/span><\/h3>\n<h3 style=\"text-align: center;\"><span style=\"color: #ffffff;\"><strong>que tengamos la valent\u00eda de dar siempre cuenta<\/strong><\/span><\/h3>\n<h3 style=\"text-align: center;\"><span style=\"color: #ffffff;\"><strong>&nbsp;de la esperanza <\/strong><\/span><\/h3>\n<h3 style=\"text-align: center;\"><span style=\"color: #ffffff;\"><strong>que hay en nosotras.<\/strong><\/span><\/h3>\n<p>[\/vc_hoverbox][vc_custom_heading text=&#8221;Palabra de Dios&#8221; font_container=&#8221;tag:h2|font_size:26|text_align:left|color:%230066bf&#8221; google_fonts=&#8221;font_family:Rosario%3Aregular%2Citalic%2C700%2C700italic|font_style:400%20regular%3A400%3Anormal&#8221;][vc_column_text]<span style=\"color: #003366;\"><strong>Mt 12, 46-50&nbsp;&nbsp;&nbsp; <\/strong><\/span><\/p>\n<p><span style=\"color: #003366;\"><em>Todav\u00eda estaba hablando a la muchedumbre, cuando su madre y sus hermanos se presentaron fuera y trataban de hablar con \u00e9l.&nbsp;<\/em><em>Alguien le dijo: &nbsp;\u00ab\u00a1Oye! ah\u00ed fuera est\u00e1n tu madre y tus hermanos&nbsp;<\/em><em>que desean hablarte.\u00bb&nbsp; Pero \u00e9l respondi\u00f3 al que se lo dec\u00eda: \u00ab\u00bfQui\u00e9n es mi madre y qui\u00e9nes son mis hermanos?\u00bb Y,&nbsp;&nbsp; &nbsp;extendiendo su mano hacia sus disc\u00edpulos, dijo: \u00abEstos son mi madre y mis hermanos. Pues todo el que cumpla la voluntad de mi&nbsp;<\/em><em>Padre celestial, \u00e9se es <\/em><em>mi hermano, mi hermana y mi madre.\u00bb <\/em><\/span>[\/vc_column_text][vc_row_inner][vc_column_inner width=&#8221;1\/4&#8243;][vc_custom_heading text=&#8221;Comentario&#8221; font_container=&#8221;tag:h2|font_size:26|text_align:left|color:%230066bf&#8221; google_fonts=&#8221;font_family:Rosario%3Aregular%2Citalic%2C700%2C700italic|font_style:400%20regular%3A400%3Anormal&#8221;][vc_column_text]<span style=\"color: #003366;\">La mejor motivaci\u00f3n para decidirse a comunicar el Evangelio es contemplarlo con amor, es detenerse en sus p\u00e1ginas y leerlo con el coraz\u00f3n. Si lo abordamos de esa manera, su belleza nos asombra, vuelve a cautivarnos una y otra vez. Para eso urge recobrar un esp\u00edritu&nbsp;<em>contemplativo<\/em>, que nos permita redescubrir cada d\u00eda que somos depositarios de un bien que humaniza, que ayuda a llevar una vida nueva. No hay nada mejor para transmitir a los dem\u00e1s&nbsp;\u00bb. Papa Francsco, <strong><em>Evangelii Gaudium<\/em><\/strong><\/span>[\/vc_column_text][\/vc_column_inner][vc_column_inner width=&#8221;3\/4&#8243;][vc_custom_heading text=&#8221;Oremos&#8221; font_container=&#8221;tag:h2|font_size:26|text_align:center|color:%230066bf&#8221; google_fonts=&#8221;font_family:Rosario%3Aregular%2Citalic%2C700%2C700italic|font_style:400%20regular%3A400%3Anormal&#8221;][vc_column_text]<img loading=\"lazy\" decoding=\"async\" class=\"alignright wp-image-17171 size-full\" src=\"https:\/\/soeurs-de-la-presentation-de-marie.org\/pom\/wp-content\/uploads\/2020\/11\/18-novena-prayer_ESP_RE.jpg\" alt=\"\" width=\"1000\" height=\"562\">[\/vc_column_text][\/vc_column_inner][\/vc_row_inner][vc_zigzag color=&#8221;peacoc&#8221; el_width=&#8221;80&#8243; el_border_width=&#8221;10&#8243;][\/vc_column][\/vc_row][vc_row row_space=&#8221;remove_padding_bottom&#8221;][vc_column][vc_custom_heading text=&#8221;Martes 17 de noviembre de 2020 En comuni\u00f3n con Qu\u00e9bec , Prince Albert, Etados Unidos&#8221; font_container=&#8221;tag:h2|font_size:26|text_align:left|color:%230066bf&#8221; google_fonts=&#8221;font_family:Rosario%3Aregular%2Citalic%2C700%2C700italic|font_style:400%20regular%3A400%3Anormal&#8221;][vc_hoverbox image=&#8221;17107&#8243; primary_title=&#8221;&#8221; hover_title=&#8221;Feliz la que ha cre\u00eddo \u2026. Lc 1,45&#8243; hover_title_font_container=&#8221;font_size:22|color:%23dd8500&#8243; hover_title_google_fonts=&#8221;font_family:Rosario%3Aregular%2Citalic%2C700%2C700italic|font_style:400%20regular%3A400%3Anormal&#8221; css_animation=&#8221;rotateIn&#8221; use_custom_fonts_primary_title=&#8221;true&#8221; use_custom_fonts_hover_title=&#8221;true&#8221;]<\/p>\n<h3 style=\"text-align: center;\"><span style=\"color: #993300;\"><strong>Virgen Mar\u00eda, toda radiante de la presencia de Dios, <\/strong><\/span><\/h3>\n<h3 style=\"text-align: center;\"><span style=\"color: #993300;\"><strong>ruega por nosotras:<\/strong><\/span><\/h3>\n<h3 style=\"text-align: center;\"><span style=\"color: #993300;\"><strong>&nbsp;que seamos testigos del Dios vivo,<\/strong><\/span><\/h3>\n<h3 style=\"text-align: center;\"><span style=\"color: #993300;\"><strong>&nbsp;personas que contagien a Dios.<\/strong><\/span><\/h3>\n<p>[\/vc_hoverbox][vc_custom_heading text=&#8221;Palabra de Dios&#8221; font_container=&#8221;tag:h2|font_size:26|text_align:left|color:%230066bf&#8221; google_fonts=&#8221;font_family:Rosario%3Aregular%2Citalic%2C700%2C700italic|font_style:400%20regular%3A400%3Anormal&#8221;][vc_column_text]<span style=\"color: #003366;\"><strong>Lc 1, 39-47<\/strong><\/span><\/p>\n<p><span style=\"color: #003366;\"><em>En aquellos d\u00edas, se levant\u00f3 Mar\u00eda y se fue con prontitud a la regi\u00f3n monta\u00f1osa, a una ciudad de Jud\u00e1;&nbsp; entr\u00f3 en casa de Zacar\u00edas y salud\u00f3 a Isabel. Y sucedi\u00f3 que, en cuanto oy\u00f3 Isabel el saludo de Mar\u00eda, salt\u00f3 de gozo el ni\u00f1o en su seno, e Isabel qued\u00f3 llena de Esp\u00edritu Santo; y exclamando con gran voz, dijo: \u00abBendita t\u00fa entre las mujeres y bendito el fruto de tu seno;&nbsp; y \u00bfde d\u00f3nde a m\u00ed que la madre de mi Se\u00f1or venga a m\u00ed?&nbsp; Porque, apenas lleg\u00f3 a mis o\u00eddos la voz de tu saludo, salt\u00f3 de gozo, el ni\u00f1o en mi seno. \u00a1Feliz la que ha cre\u00eddo que se cumplir\u00edan las cosas que le fueron dichas de parte del Se\u00f1or!\u00bb &nbsp;Y dijo Mar\u00eda: \u00abEngrandece mi<\/em> <em>alma al<\/em> <em>Se\u00f1or&nbsp; y mi esp\u00edritu &nbsp;se alegra en Dios mi salvador<\/em>!<em> \u00bb<\/em><\/span>[\/vc_column_text][vc_row_inner][vc_column_inner width=&#8221;1\/4&#8243;][vc_custom_heading text=&#8221;Comentario&#8221; font_container=&#8221;tag:h2|font_size:26|text_align:left|color:%230066bf&#8221; google_fonts=&#8221;font_family:Rosarivo%3Aregular%2Citalic|font_style:400%20regular%3A400%3Anormal&#8221;][vc_column_text]<span style=\"color: #003366;\">Al saludo conmovedor de Isabel, Mar\u00eda responde alabando a su vez al Se\u00f1or: <em>\u00a1Mi alma exalta al Se\u00f1or, exulta mi esp\u00edritu en Dios, mi Salvador! <\/em>Mar\u00eda proclama las maravillas que Dios realiza en su peque\u00f1ez, las que va a obrar en todos los que le temen, es decir, en los que tienen un coraz\u00f3n humilde, los humildes y los peque\u00f1os\u00bb.<\/span><\/p>\n<ul>\n<li><span style=\"color: #003366;\">Escritos familiares &#8211;<\/span><\/li>\n<\/ul>\n<p>[\/vc_column_text][\/vc_column_inner][vc_column_inner width=&#8221;3\/4&#8243;][vc_custom_heading text=&#8221;Oremos&#8221; font_container=&#8221;tag:h2|font_size:26|text_align:center|color:%230066bf&#8221; google_fonts=&#8221;font_family:Rosario%3Aregular%2Citalic%2C700%2C700italic|font_style:400%20regular%3A400%3Anormal&#8221;][vc_column_text]<img loading=\"lazy\" decoding=\"async\" class=\"size-full wp-image-17119 alignright\" src=\"https:\/\/soeurs-de-la-presentation-de-marie.org\/pom\/wp-content\/uploads\/2020\/11\/17-prayer_ESP.jpg\" alt=\"\" width=\"1280\" height=\"720\">[\/vc_column_text][\/vc_column_inner][\/vc_row_inner][vc_empty_space height=&#8221;20px&#8221;][vc_zigzag color=&#8221;peacoc&#8221; el_border_width=&#8221;10&#8243;][\/vc_column][\/vc_row][vc_row row_space=&#8221;remove_padding_bottom&#8221;][vc_column][vc_custom_heading text=&#8221;Lunes 16 de noviembre de 2020 En comuni\u00f3n con Espa\u00f1a\u2013 Irlanda\u2013 Inglaterra&#8221; font_container=&#8221;tag:h2|font_size:26|text_align:left|color:%230166bf&#8221; google_fonts=&#8221;font_family:Rosario%3Aregular%2Citalic%2C700%2C700italic|font_style:400%20regular%3A400%3Anormal&#8221;][vc_hoverbox image=&#8221;17069&#8243; primary_title=&#8221;&#8221; primary_title_font_container=&#8221;font_size:28|color:%230166bf&#8221; primary_title_google_fonts=&#8221;font_family:Rosario%3Aregular%2Citalic%2C700%2C700italic|font_style:400%20regular%3A400%3Anormal&#8221; hover_title=&#8221;\u2026 h\u00e1gase en m\u00ed seg\u00fan tu palabra. Lc 1,38&#8243; css_animation=&#8221;rotateInDownLeft&#8221; use_custom_fonts_primary_title=&#8221;true&#8221;]&nbsp;<\/p>\n<h2 style=\"text-align: center;\"><span style=\"color: #800080;\">Virgen Mar\u00eda, modelo de adhesi\u00f3n confiada al designio<\/span><\/h2>\n<h2 style=\"text-align: center;\"><span style=\"color: #800080;\">&nbsp;de amor del Padre, ruega por nosotras: que estemos <\/span><\/h2>\n<h2 style=\"text-align: center;\"><span style=\"color: #800080;\">cada vez m\u00e1s arraigadas en el esp\u00edritu interior<\/span><\/h2>\n<h2 style=\"text-align: center;\"><span style=\"color: #800080;\">y en el celo heredado de Mar\u00eda Rivier.<\/span><\/h2>\n<h2 style=\"text-align: center;\"><span style=\"color: #800080;\">&nbsp;<\/span><\/h2>\n<p>[\/vc_hoverbox][vc_custom_heading text=&#8221;.<br \/>\nPalabra de Dios&#8221; font_container=&#8221;tag:h2|font_size:26|text_align:left|color:%230066bf&#8221; google_fonts=&#8221;font_family:Rosario%3Aregular%2Citalic%2C700%2C700italic|font_style:400%20regular%3A400%3Anormal&#8221;][vc_column_text]<\/p>\n<h3><strong><span style=\"color: #003366;\">Lc 1,26-38&nbsp;&nbsp;&nbsp; <\/span><\/strong><\/h3>\n<p><span style=\"color: #003366;\"><em>Al sexto mes fue enviado por Dios el \u00e1ngel Gabriel a una ciudad de Galilea, llamada Nazaret, a una virgen desposada con un hombre llamado Jos\u00e9, de la casa de David; el nombre de la virgen era Mar\u00eda. Y entrando, le dijo: \u00abAl\u00e9grate, llena de gracia, el Se\u00f1or est\u00e1<\/em><\/span><\/p>\n<p><span style=\"color: #003366;\"><em>contigo.\u00bb&nbsp; Ella se conturb\u00f3 por estas palabras, y discurr\u00eda qu\u00e9 significar\u00eda aquel saludo. <\/em><em>&nbsp;<\/em><em>El \u00e1ngel le dijo: \u00abNo temas, Mar\u00eda, porque has hallado gracia delante de Dios;<\/em> <em>&nbsp;vas a concebir en el seno y vas a dar a luz un hijo, a quien pondr\u00e1s<\/em> <em>por nombre Jes\u00fas.<\/em> <em>&nbsp;El ser\u00e1 grande y ser\u00e1 llamado Hijo del Alt\u00edsimo, y el Se\u00f1or Dios le<\/em> <em>dar\u00e1 el trono de David, su padre<\/em><em>;<\/em> <em>sobre la casa de Jacob por los<\/em> <em>siglos y su reino no tendr\u00e1 fin.\u00bbMar\u00eda respondi\u00f3 al \u00e1ngel: \u00ab \u00bfC\u00f3mo ser\u00e1 esto, puesto que no<\/em> <em>conozco var\u00f3n?\u00bb<\/em> <em>El \u00e1ngel le respondi\u00f3: \u00abEl Esp\u00edritu Santo vendr\u00e1 sobre ti y el poder<\/em> <em>del Alt\u00edsimo te cubrir\u00e1 con su sombra; por eso el que ha de nacer ser\u00e1 santo<\/em> <em>y ser\u00e1 llamado Hijo de Dios.<\/em> <em>&nbsp;Mira, tambi\u00e9n Isabel, tu pariente, ha concebido un hijo en su vejez,<\/em> <em>y este es ya el sexto mes de aquella que llamaban est\u00e9ril,<\/em> <em>porque ninguna cosa es imposible para Dios.\u00bb&nbsp; Dijo Mar\u00eda: \u00abHe aqu\u00ed la esclava del Se\u00f1or; h\u00e1gase en m\u00ed seg\u00fan tu<\/em> <em>palabra.\u00bb<\/em><\/span><\/p>\n<p><strong>&nbsp;<\/strong>[\/vc_column_text][vc_row_inner][vc_column_inner width=&#8221;2\/3&#8243;][vc_custom_heading text=&#8221;Oremos&#8221; font_container=&#8221;tag:h2|font_size:27|text_align:center|color:%231e73be&#8221; google_fonts=&#8221;font_family:Rosario%3Aregular%2Citalic%2C700%2C700italic|font_style:400%20regular%3A400%3Anormal&#8221;][vc_column_text]<img loading=\"lazy\" decoding=\"async\" class=\"size-full wp-image-17073 aligncenter\" src=\"https:\/\/soeurs-de-la-presentation-de-marie.org\/pom\/wp-content\/uploads\/2020\/11\/Prayers_16_ESP.jpg\" alt=\"\" width=\"1280\" height=\"720\">[\/vc_column_text][\/vc_column_inner][vc_column_inner width=&#8221;1\/3&#8243;][vc_custom_heading text=&#8221;Comentario&#8221; font_container=&#8221;tag:h2|font_size:27|text_align:left|color:%231e73be&#8221; google_fonts=&#8221;font_family:Rosario%3Aregular%2Citalic%2C700%2C700italic|font_style:400%20regular%3A400%3Anormal&#8221;][vc_column_text]<span style=\"color: #003366;\">\u00ab&nbsp;Al decirse <em>sierva del Se\u00f1or<\/em>, Mar\u00eda, la Llena de gracia, expresa su total disponibilidad, pero tambi\u00e9n su fe profunda en la bondad de Dios, que s\u00f3lo quiere la felicidad de su criatura. En Mar\u00eda, la gloria de Dios entra en el mundo por la puerta de la humildad y de la pobreza. Lo que cuenta para ella es el designio de Dios y no el suyo, es la gloria de Dios y no la suya. Nunca quiso existir m\u00e1s que para Dios. <em>Ninguno de nosotros vive para s\u00ed mismo<\/em>, dir\u00e1 san Pablo, <em>si vivimos, vivimos para el Se\u00f1or; si morimos, morimos por el Se\u00f1or.<\/em> <em>En nuestra vida y en nuestra muerte pertenecemos al Se\u00f1or<\/em> (Rm 14,7-8). &#8211; Escritos de familia &#8211;<\/span>[\/vc_column_text][\/vc_column_inner][\/vc_row_inner][vc_zigzag color=&#8221;sky&#8221; el_width=&#8221;80&#8243; el_border_width=&#8221;10&#8243;][\/vc_column][\/vc_row][vc_row row_space=&#8221;remove_padding_bottom&#8221;][vc_column][vc_custom_heading text=&#8221;Domingo 15 de noviembre de 2020 En comuni\u00f3n con Francia, Portugal, Suiza y Italia&#8221; font_container=&#8221;tag:h2|font_size:26|text_align:left|color:%230066bf&#8221; google_fonts=&#8221;font_family:Rosario%3Aregular%2Citalic%2C700%2C700italic|font_style:400%20regular%3A400%3Anormal&#8221;][vc_hoverbox image=&#8221;17046&#8243; primary_title=&#8221;&#8221; hover_title=&#8221;O\u00edd la palabra que os dedica el Se\u00f1or, oh casa de Israel. Jr 10,1&#8243; hover_title_font_container=&#8221;font_size:25|color:%231e73be&#8221; hover_title_google_fonts=&#8221;font_family:Rosario%3Aregular%2Citalic%2C700%2C700italic|font_style:400%20regular%3A400%3Anormal&#8221; hover_background_color=&#8221;vista-blue&#8221; css_animation=&#8221;slideInRight&#8221; use_custom_fonts_primary_title=&#8221;true&#8221; use_custom_fonts_hover_title=&#8221;true&#8221;]<\/p>\n<h3 style=\"text-align: center;\">&nbsp;<\/h3>\n<h3 style=\"text-align: center;\"><span style=\"color: #003366;\"><strong>Virgen Mar\u00eda, signo de esperanza y de consuelo<\/strong><\/span><\/h3>\n<h3 style=\"text-align: center;\"><span style=\"color: #003366;\"><strong>&nbsp;para la Iglesia en camino, ruega por nosotras: <\/strong><\/span><\/h3>\n<h3 style=\"text-align: center;\"><span style=\"color: #003366;\"><strong>&nbsp; &nbsp; &nbsp; &nbsp; &nbsp; <\/strong><strong>que sigamos identificando y&nbsp; &nbsp; &nbsp; &nbsp; &nbsp; &nbsp; <\/strong><\/span><\/h3>\n<h3 style=\"text-align: center;\"><span style=\"color: #003366;\"><strong>llegando a &#8220;las periferias&#8221; <\/strong><\/span><\/h3>\n<h3 style=\"text-align: center;\"><span style=\"color: #003366;\"><strong>para ser como Mar\u00eda Rivier presencia <\/strong><\/span><\/h3>\n<h3 style=\"text-align: center;\"><span style=\"color: #003366;\"><strong>de compasi\u00f3n a nuestro alrededor.<\/strong><\/span><\/h3>\n<p>[\/vc_hoverbox][vc_custom_heading text=&#8221;Palabra de Dios&#8221; font_container=&#8221;tag:h2|font_size:26|text_align:left|color:%230066bf&#8221; google_fonts=&#8221;font_family:Rosario%3Aregular%2Citalic%2C700%2C700italic|font_style:400%20regular%3A400%3Anormal&#8221;][vc_column_text]<span style=\"color: #003366;\"><strong>Mt 7,24-27&nbsp;&nbsp;&nbsp;&nbsp;&nbsp; <\/strong><\/span><\/p>\n<p><span style=\"color: #003366;\"><em>Todo el que oiga estas palabras m\u00edas y las ponga en pr\u00e1ctica, ser\u00e1 como el hombre prudente que edific\u00f3 su casa sobre roca: cay\u00f3 la lluvia, vinieron los torrentes, soplaron los vientos, y embistieron contra aquella casa; pero ella no cay\u00f3, porque estaba cimentada sobre roca. Y todo el que oiga estas palabras m\u00edas y no las ponga en pr\u00e1ctica, ser\u00e1 como el hombre insensato que edific\u00f3 su casa sobre arena: cay\u00f3 la lluvia, vinieron los torrentes, soplaron los vientos, irrumpieron contra aquella casa y cay\u00f3, y fue grande su ruina<\/em><\/span><em>.<\/em>[\/vc_column_text][vc_row_inner][vc_column_inner width=&#8221;1\/4&#8243;][vc_custom_heading text=&#8221;Comentario&#8221; font_container=&#8221;tag:h2|font_size:26|text_align:left|color:%230066bf&#8221; google_fonts=&#8221;font_family:Rosario%3Aregular%2Citalic%2C700%2C700italic|font_style:400%20regular%3A400%3Anormal&#8221;][vc_column_text]&nbsp;<\/p>\n<p>&nbsp;<span style=\"color: #003366;\">\u00abEl disc\u00edpulo (que proviene del verbo latino d\u00ecscere = aprender) va a la escuela para aprender.&nbsp;En la escuela del Verbo hecho carne, aprende que el primer servicio para atender a Dios \u2013 y a todos &#8211; es escuchar.&nbsp;La relaci\u00f3n comienza con escuchar y no con \u201chacer\u201d.&nbsp;Luego, cuando la Palabra se convierte en mirada, tenemos la contemplaci\u00f3n.&nbsp; Lo que importa es escuchar al Se\u00f1or y sus palabras, como hizo el profeta Jerem\u00edas: &#8220;<em>Cuando encontr\u00e9 tus palabras, Se\u00f1or, las devor\u00e9. Fueron mi gozo, el deleite de mi coraz\u00f3n, porque tu nombre, me fue invocado, Se\u00f1or Dios del universo &#8220;<\/em>(Jer 15,16).&nbsp; <\/span>[\/vc_column_text][\/vc_column_inner][vc_column_inner width=&#8221;3\/4&#8243;][vc_custom_heading text=&#8221;Oremos&#8221; font_container=&#8221;tag:h2|font_size:26|text_align:center|color:%230066bf&#8221; google_fonts=&#8221;font_family:Rosario%3Aregular%2Citalic%2C700%2C700italic|font_style:400%20regular%3A400%3Anormal&#8221;][vc_column_text]<img loading=\"lazy\" decoding=\"async\" class=\"size-full wp-image-17064 aligncenter\" src=\"https:\/\/soeurs-de-la-presentation-de-marie.org\/pom\/wp-content\/uploads\/2020\/11\/prayers-15_esp.jpg\" alt=\"\" width=\"1280\" height=\"720\"><\/p>\n<p>&nbsp;<span style=\"color: #003366;\">El Padre dice: <em>&#8220;El que es mi hijo amado, en quien he puesto todo mi amor, esc\u00fachalo&#8221;<\/em> (Mt 17,5; cf. tambi\u00e9n Lc 9,35, Mc 9,6): &#8220;escucha Jes\u00fas\u201d y te convertir\u00e1s en Jes\u00fas al escuchar.<\/span><\/p>\n<p><span style=\"color: #003366;\">Por nuestra parte, escuchar a Dios es comprenderlo, concebirlo, dejarlo entrar y permanecer en nosotros. La hospitalidad humana es actuar de tal manera que otros vivan con nosotros. La hospitalidad cristiana es actuar de tal manera que el Otro (Dios) y los dem\u00e1s habiten en nosotros \u00bb. &nbsp;<\/span><\/p>\n<p><span style=\"color: #003366;\">Papa Francisco<\/span>[\/vc_column_text][\/vc_column_inner][\/vc_row_inner][vc_zigzag color=&#8221;sky&#8221; el_width=&#8221;80&#8243; el_border_width=&#8221;10&#8243;][vc_empty_space height=&#8221;15px&#8221;][\/vc_column][\/vc_row][vc_row row_space=&#8221;remove_padding_bottom&#8221;][vc_column][vc_custom_heading text=&#8221;S\u00e1bado 14 de noviembre de 2020 En comuni\u00f3n con Jap\u00f3n \u2013 Filipinas \u2013 Vietnam&#8221; font_container=&#8221;tag:h2|font_size:26|text_align:left|color:%230066bf&#8221; google_fonts=&#8221;font_family:Roboto%3A100%2C100italic%2C300%2C300italic%2Cregular%2Citalic%2C500%2C500italic%2C700%2C700italic%2C900%2C900italic|font_style:400%20regular%3A400%3Anormal&#8221;][vc_hoverbox image=&#8221;17018&#8243; primary_title=&#8221;&#8221; hover_title=&#8221;\u2026 Yo te bendigo, Padre, Se\u00f1or del cielo y de la tierra, porque has ocultado estas cosas a sabios e inteligentes, y se las has revelado a peque\u00f1os. S\u00ed, Padre, pues tal ha sido tu benepl\u00e1cito\u2026 Lc 10 21&#8243; hover_background_color=&#8221;chino&#8221;]<\/p>\n<h4><span style=\"color: #333300;\">&nbsp;<strong>Virgen Mar\u00eda, modelo de esos peque\u00f1os<\/strong><\/span><\/h4>\n<h4><span style=\"color: #333300;\"><strong>&nbsp;a quienes el Padre da a conocer los secretos del Reino,<\/strong><\/span><\/h4>\n<h4><span style=\"color: #333300;\"><strong>&nbsp;ruega por nosotras:<\/strong><\/span><\/h4>\n<h4><span style=\"color: #333300;\"><strong>que en este momento de nuestra historia<\/strong><\/span><\/h4>\n<h4><span style=\"color: #333300;\"><strong>&nbsp;permanezcamos abiertas para que el Esp\u00edritu <\/strong><\/span><\/h4>\n<h4><span style=\"color: #333300;\"><strong>haga algo nuevo en nuestras vidas. <\/strong><\/span><\/h4>\n<p>[\/vc_hoverbox][vc_empty_space height=&#8221;10px&#8221;][vc_custom_heading text=&#8221;Palabra de Dios&#8221; font_container=&#8221;tag:h2|font_size:25|text_align:left|color:%230d6cbf&#8221; google_fonts=&#8221;font_family:Roboto%3A100%2C100italic%2C300%2C300italic%2Cregular%2Citalic%2C500%2C500italic%2C700%2C700italic%2C900%2C900italic|font_style:400%20regular%3A400%3Anormal&#8221;][vc_column_text]<span style=\"color: #333300;\"><strong>Sb 9,1-11<\/strong><\/span><\/p>\n<p><span style=\"color: #333300;\"><em>Dios de los Padres, Se\u00f1or de la misericordia, que hiciste el universo con tu palabra,&nbsp; y con tu Sabidur\u00eda formaste al hombre para que dominase sobre los seres por ti creados, administrase el mundo con santidad y justicia y juzgase con rectitud de esp\u00edritu,&nbsp; dame la Sabidur\u00eda, que se sienta junto a tu trono, y no me excluyas del n\u00famero de tus hijos. Que soy un siervo tuyo, hijo de tu sierva, un hombre d\u00e9bil y de vida ef\u00edmera, poco apto para entender la justicia y las leyes. Pues, aunque uno sea perfecto entre los hijos de los hombres, si le falta la Sabidur\u00eda que de ti procede, en nada ser\u00e1 tenido. T\u00fa me elegiste como rey de tu pueblo, como juez de tus hijos y tus hijas;&nbsp; t\u00fa me ordenaste edificar un santuario en tu monte santo y un altar en la ciudad donde habitas, imitaci\u00f3n de la Tienda santa que hab\u00edas preparado desde el principio. Contigo est\u00e1 la Sabidur\u00eda que conoce tus obras, que estaba presente cuando hac\u00edas el mundo, que sabe lo que es agradable a tus ojos, y lo que es conforme a tus mandamientos.&nbsp; Env\u00edala de los cielos santos, m\u00e1ndala de tu trono de gloria para que a mi lado participe en mis trabajos y sepa yo lo que te es agradable, &nbsp;pues ella todo lo sabe y entiende. Ella me guiar\u00e1 prudentemente en mis empresas y me proteger\u00e1 con su gloria.<\/em><\/span><\/p>\n<p><em>&nbsp;<\/em>[\/vc_column_text][vc_row_inner][vc_column_inner width=&#8221;1\/4&#8243;][vc_custom_heading text=&#8221;Comentario&#8221; font_container=&#8221;tag:h2|font_size:25|text_align:left|color:%231e73be&#8221; google_fonts=&#8221;font_family:Roboto%3A100%2C100italic%2C300%2C300italic%2Cregular%2Citalic%2C500%2C500italic%2C700%2C700italic%2C900%2C900italic|font_style:400%20regular%3A400%3Anormal&#8221;][vc_column_text]<span style=\"color: #333300;\">\u00ab&nbsp;Siento tan fuerte la necesidad de aprender de Jesucristo, y de practicar sus virtudes durante toda nuestra vida, que desde ahora s\u00f3lo quiero hablaros de \u00e9l; y este buen Salvador me lleva \u00e9l mismo, porque quiere ser amado y servido por nosotras de un modo particular. No puedo transportarme todos los d\u00edas al lado de todas mis queridas Hijas, y en medio de sus ni\u00f1os, para decirles sin cesar: Estudiad a Jesucristo, amad a Jesucristo, imitad a Jesucristo, dadlo a conocer y hacedlo amar en todas partes\u00bb.<\/span><\/p>\n<p><span style=\"color: #333300;\">&nbsp;Mar\u00eda Rivier &nbsp;<\/span>[\/vc_column_text][\/vc_column_inner][vc_column_inner width=&#8221;3\/4&#8243;][vc_custom_heading text=&#8221;Oremos&#8221; font_container=&#8221;tag:h2|font_size:25|text_align:center|color:%230066bf&#8221; google_fonts=&#8221;font_family:Roboto%3A100%2C100italic%2C300%2C300italic%2Cregular%2Citalic%2C500%2C500italic%2C700%2C700italic%2C900%2C900italic|font_style:400%20regular%3A400%3Anormal&#8221;][vc_column_text]<img loading=\"lazy\" decoding=\"async\" class=\"aligncenter wp-image-17026 size-large\" src=\"https:\/\/soeurs-de-la-presentation-de-marie.org\/pom\/wp-content\/uploads\/2020\/11\/prayers_14_esp-1024x576.jpg\" alt=\"\" width=\"900\" height=\"506\">[\/vc_column_text][\/vc_column_inner][\/vc_row_inner][vc_empty_space height=&#8221;25px&#8221;][\/vc_column][\/vc_row][vc_row row_space=&#8221;remove_padding_top&#8221;][vc_column][vc_zigzag color=&#8221;sky&#8221; el_width=&#8221;80&#8243; css_animation=&#8221;fadeIn&#8221;][vc_custom_heading text=&#8221;Viernes 13 de noviembre de 2020 En comuni\u00f3 con las novicias, las formadoras y todas las j\u00f3venes en formaci\u00f3n en la fiesta de San Estanislao de Kostka.&#8221; font_container=&#8221;tag:h2|font_size:26|text_align:left|color:%230066bf&#8221; google_fonts=&#8221;font_family:Roboto%3A100%2C100italic%2C300%2C300italic%2Cregular%2Citalic%2C500%2C500italic%2C700%2C700italic%2C900%2C900italic|font_style:400%20regular%3A400%3Anormal&#8221;][vc_hoverbox image=&#8221;16676&#8243; primary_title=&#8221;&#8221; hover_title=&#8221;EN EL PRINCIPIO exist\u00eda la Palabra y la Palabra estaba con Dios, y la Palabra era Dios. Jn 1,1&#8243; shape=&#8221;square&#8221; hover_background_color=&#8221;sandy-brown&#8221;]<\/p>\n<p style=\"text-align: center;\"><span style=\"color: #333399;\"><strong>Virgen Mar\u00eda, Mujer muy atenta a la Palabra, <\/strong><\/span><\/p>\n<p style=\"text-align: center;\"><span style=\"color: #333399;\"><strong>ruega por nosotras&nbsp;:<\/strong><\/span><\/p>\n<p style=\"text-align: center;\"><span style=\"color: #333399;\"><strong>que sepamos ofrecer nuestras vidas <\/strong><\/span><\/p>\n<p style=\"text-align: center;\"><span style=\"color: #333399;\"><strong>para que se realice la obra de la gloria de Dios &nbsp;<\/strong><\/span><\/p>\n<p style=\"text-align: center;\"><span style=\"color: #333399;\"><strong>en el mundo.<\/strong><\/span><\/p>\n<p>[\/vc_hoverbox][vc_row_inner gap=&#8221;2&#8243;][vc_column_inner width=&#8221;1\/4&#8243;][vc_column_text]<\/p>\n<h2><span style=\"color: #003366;\">COMMENTARIO&#8230;<\/span><\/h2>\n<p><span style=\"color: #003366;\">\u00ab&nbsp;Siento tan fuerte la necesidad de aprender de Jesucristo, y de practicar sus virtudes durante toda nuestra vida, que desde ahora s\u00f3lo quiero hablaros de \u00e9l; y este buen Salvador me lleva \u00e9l mismo, porque quiere ser amado y servido por nosotras de un modo particular. No puedo transportarme todos los d\u00edas al lado de todas mis queridas Hijas, y en medio de sus ni\u00f1os, para decirles sin cesar: Estudiad a Jesucristo, amad a Jesucristo, imitad a Jesucristo, dadlo a conocer y hacedlo amar en todas partes\u00bb.<\/span><\/p>\n<p><span style=\"color: #003366;\">&nbsp;&#8211; Mar\u00eda Rivier &#8211;&nbsp;&nbsp;<\/span>[\/vc_column_text][\/vc_column_inner][vc_column_inner width=&#8221;3\/4&#8243;][vc_column_text]<\/p>\n<h2 style=\"text-align: center;\"><span style=\"color: #003366;\">OREMOS&#8230;<\/span><\/h2>\n<p>&nbsp;<\/p>\n<p><img loading=\"lazy\" decoding=\"async\" class=\"size-full wp-image-16798 alignright\" src=\"https:\/\/soeurs-de-la-presentation-de-marie.org\/pom\/wp-content\/uploads\/2020\/11\/1oremos_Senor-Dios-nuestro-nos-has-dado-a.jpg\" alt=\"\" width=\"800\" height=\"450\">[\/vc_column_text][\/vc_column_inner][\/vc_row_inner][\/vc_column][\/vc_row]<\/p>\n<\/div>","protected":false},"excerpt":{"rendered":"<p>[vc_row][vc_column][vc_custom_heading text=&#8221;PRESENTACI\u00d3N DE LA NOVENA&#8221; font_container=&#8221;tag:h2|font_size:30|text_align:center|color:%230066bf&#8221; google_fonts=&#8221;font_family:Roboto%3A100%2C100italic%2C300%2C300italic%2Cregular%2Citalic%2C500%2C500italic%2C700%2C700italic%2C900%2C900italic|font_style:400%20regular%3A400%3Anormal&#8221;][vc_empty_space height=&#8221;50px&#8221;][vc_column_text]La novena de este a\u00f1o nos invita a mirar a Mar\u00eda, modelo de escucha de la Palabra de Dios. El Papa Francisco en diversas intervenciones no cesa de recordarnos que cada uno de nosotros posee en su coraz\u00f3n la semilla de la Palabra. Corresponde a todo bautizado hacerla [&hellip;]<\/p>\n","protected":false},"author":6,"featured_media":0,"parent":0,"menu_order":0,"comment_status":"closed","ping_status":"closed","template":"","meta":{"ngg_post_thumbnail":0,"footnotes":""},"lang":"es","translations":{"es":16780},"pll_sync_post":[],"_links":{"self":[{"href":"https:\/\/soeurs-de-la-presentation-de-marie.org\/pom\/wp-json\/wp\/v2\/pages\/16780"}],"collection":[{"href":"https:\/\/soeurs-de-la-presentation-de-marie.org\/pom\/wp-json\/wp\/v2\/pages"}],"about":[{"href":"https:\/\/soeurs-de-la-presentation-de-marie.org\/pom\/wp-json\/wp\/v2\/types\/page"}],"author":[{"embeddable":true,"href":"https:\/\/soeurs-de-la-presentation-de-marie.org\/pom\/wp-json\/wp\/v2\/users\/6"}],"replies":[{"embeddable":true,"href":"https:\/\/soeurs-de-la-presentation-de-marie.org\/pom\/wp-json\/wp\/v2\/comments?post=16780"}],"version-history":[{"count":16,"href":"https:\/\/soeurs-de-la-presentation-de-marie.org\/pom\/wp-json\/wp\/v2\/pages\/16780\/revisions"}],"predecessor-version":[{"id":17283,"href":"https:\/\/soeurs-de-la-presentation-de-marie.org\/pom\/wp-json\/wp\/v2\/pages\/16780\/revisions\/17283"}],"wp:attachment":[{"href":"https:\/\/soeurs-de-la-presentation-de-marie.org\/pom\/wp-json\/wp\/v2\/media?parent=16780"}],"curies":[{"name":"wp","href":"https:\/\/api.w.org\/{rel}","templated":true}]}}