{"id":20669,"date":"2021-04-18T22:13:54","date_gmt":"2021-04-18T20:13:54","guid":{"rendered":"http:\/\/soeurs-de-la-presentation-de-marie.org\/pom\/?page_id=20669"},"modified":"2021-06-20T21:32:28","modified_gmt":"2021-06-20T19:32:28","slug":"consejo-de-congregacion","status":"publish","type":"page","link":"https:\/\/soeurs-de-la-presentation-de-marie.org\/pom\/consejo-de-congregacion\/","title":{"rendered":"CONSEJO DE CONGREGACI\u00d3N 2021"},"content":{"rendered":"<div class=\"wpb-content-wrapper\"><p>[vc_row][vc_column width=&#8221;2\/3&#8243;][vc_custom_heading text=&#8221;Jesucristo en el coraz\u00f3n de nuestra historia\u00a1<br \/>\n\u00c9l es nuestra luz, nuestra fuerza, nuestro TODO!&#8221; font_container=&#8221;tag:h2|font_size:36|text_align:center|color:%230039d8&#8243; google_fonts=&#8221;font_family:Amaranth%3Aregular%2Citalic%2C700%2C700italic|font_style:400%20regular%3A400%3Anormal&#8221;][vc_empty_space height=&#8221;100px&#8221;][vc_custom_heading text=&#8221;CONSEJO DE CONGREGACI\u00d3N&#8221; font_container=&#8221;tag:h2|font_size:34|text_align:center|color:%230066bf&#8221; google_fonts=&#8221;font_family:Amaranth%3Aregular%2Citalic%2C700%2C700italic|font_style:400%20regular%3A400%3Anormal&#8221;][vc_column_text]&nbsp;<\/p>\n<p><span style=\"color: #003366;\">El Consejo de Congregaci\u00f3n es el Consejo abierto de la Superiora general. Le permite a ella y a su Consejo una mejor informaci\u00f3n sobre las necesidades espirituales y apost\u00f3licas de la Congregaci\u00f3n, favorece el conocimiento rec\u00edproco y el esp\u00edritu de unidad. Hace la evaluaci\u00f3n de lo que se vive en la Congregaci\u00f3n desde el \u00faltimo<\/span><br \/>\n<span style=\"color: #003366;\">Cap\u00edtulo general. Su poder es consultivo.<\/span>[\/vc_column_text][vc_custom_heading text=&#8221;Primera semana&#8221; font_container=&#8221;tag:h2|font_size:26|text_align:center|color:%230039d8&#8243; google_fonts=&#8221;font_family:Andada%3Aregular|font_style:400%20regular%3A400%3Anormal&#8221;][\/vc_column][vc_column width=&#8221;1\/3&#8243;][vc_empty_space height=&#8221;55px&#8221;][vc_column_text]<img loading=\"lazy\" decoding=\"async\" class=\"alignright wp-image-20602\" src=\"https:\/\/soeurs-de-la-presentation-de-marie.org\/pom\/wp-content\/uploads\/2021\/04\/CC-LOGO-grand.jpg\" alt=\"\" width=\"475\" height=\"613\">[\/vc_column_text][\/vc_column][\/vc_row][vc_row row_space=&#8221;remove_padding_bottom&#8221;][vc_column][vc_custom_heading text=&#8221;24 de mayo<br \/>\nCelebraci\u00f3n de la apertura<br \/>\nPalabras de bienvenida&#8221; font_container=&#8221;tag:h2|font_size:28|text_align:left|color:%23005cc6&#8243; google_fonts=&#8221;font_family:Andada%3Aregular|font_style:400%20regular%3A400%3Anormal&#8221;][vc_row_inner][vc_column_inner width=&#8221;1\/4&#8243;][\/vc_column_inner][vc_column_inner width=&#8221;1\/2&#8243;][vc_empty_space height=&#8221;20px&#8221;][vc_video link=&#8221;https:\/\/youtu.be\/ihy8yoT646w&#8221; el_width=&#8221;70&#8243;][\/vc_column_inner][vc_column_inner width=&#8221;1\/4&#8243;][\/vc_column_inner][\/vc_row_inner][\/vc_column][\/vc_row][vc_row row_space=&#8221;remove_padding_bottom&#8221;][vc_column][vc_column_text]<\/p>\n<h3 style=\"text-align: center;\"><span style=\"color: #003366;\">Algunas citas extra\u00eddas del mensaje de bienvenida<\/span><\/h3>\n<p><span style=\"color: #003366;\">Reunidas por el Esp\u00edritu Santo en la fe en Cristo resucitado (C80), estamos en Consejo ampliado, en circunstancias muy particulares. Estamos juntas para orar, reflexionar, compartir, a partir de la realidad de nuestra Vida consagrada en la Presentaci\u00f3n de Mar\u00eda. Juntas queremos escuchar los signos de los tiempos, escuchar la voz de Dios en los acontecimientos a la luz del Evangelio, buscar lo que el Esp\u00edritu Santo quiere para nosotras hoy.<\/span><\/p>\n<p><span style=\"color: #993300;\">La madre Rivier nos acompa\u00f1a y reza por nosotras: \u00abOs deseo la plenitud del Esp\u00edritu Santo, con todos sus dones y sus luces\u00bb.<\/span><\/p>\n<p><span style=\"color: #003366;\">Estamos juntas para buscar lo mejor, para dejarnos fascinar por el rostro de Cristo. \u00a1Que nuestra vida sea un Misterio! Al vernos vivir, que la gente pueda decir: \u00a1Dios est\u00e1 ah\u00ed\u00ed, la esperanza existe! Debemos preguntarnos: \u00bfqu\u00e9 testimonio da nuestra Vida consagrada a nuestros hermanos y hermanas?<\/span><\/p>\n<p><span style=\"color: #993300;\">La vida consagrada espera una novedad, una calidad de vida cotidiana.<\/span><\/p>\n<p><span style=\"color: #003300;\">\u00bfQu\u00e9 signos de esperanza veo hoy en la sociedad, en la Iglesia, en nuestra Congregaci\u00f3n, en mi vida personal?<\/span><\/p>\n<p><span style=\"color: #003300;\">&nbsp;\u00a1Pidamos el DON de la Sabidur\u00eda unas por otras y avancemos en la esperanza hacia un futuro que ya es conocido en el coraz\u00f3n de Dios!<\/span><\/p>\n<p>&nbsp;<\/p>\n<p><strong><span style=\"color: #003366;\">&nbsp; &nbsp; &#8211; Madre Maria dos Anjos Alves, pm-<\/span><\/strong><\/p>\n<p>&nbsp;<\/p>\n<p>ngg_shortcode_0_placeholder[\/vc_column_text][vc_empty_space height=&#8221;35px&#8221;][vc_custom_heading text=&#8221;ESPIRITUALIDAD Y CARISMA<br \/>\nSr. Maguy Lascazes, pm&#8221; font_container=&#8221;tag:h2|font_size:28|text_align:left|color:%230039d8&#8243; google_fonts=&#8221;font_family:Andada%3Aregular|font_style:400%20regular%3A400%3Anormal&#8221;][vc_row_inner][vc_column_inner width=&#8221;1\/4&#8243;][vc_column_text]&nbsp;<\/p>\n<p><img loading=\"lazy\" decoding=\"async\" class=\"wp-image-21895\" src=\"https:\/\/soeurs-de-la-presentation-de-marie.org\/pom\/wp-content\/uploads\/2021\/05\/Maguy-3.jpg\" alt=\"\" width=\"275\" height=\"206\"><\/p>\n<p>&nbsp;[\/vc_column_text][\/vc_column_inner][vc_column_inner width=&#8221;3\/4&#8243;][vc_column_text]<span style=\"color: #003366;\"><strong>La hermana Maguy <\/strong>es profesa de 1971. \u00a1Recordemos de paso &nbsp;que este a\u00f1o es jubilar! \u00a150 a\u00f1os de vida religiosa! Despu\u00e9s de su profesi\u00f3n, esper\u00f3 durante tres a\u00f1os para realizar su sue\u00f1o de siempre, ser misionera. El a\u00f1o 1974 marca el comienzo de una nueva aventura con Cristo. Parti\u00f3 a Senegal y sirvi\u00f3 durante 11 a\u00f1os como misionera.<\/span><\/p>\n<p><span style=\"color: #003366;\">En 1985 es llamada a Francia para acompa\u00f1ar a las m\u00e1s j\u00f3venes y as\u00ed reanuda la ense\u00f1anza en el Noviciado, escuela de Jesucristo, escuela de felicidad. All\u00ed, durante 15 a\u00f1os, form\u00f3 y acompa\u00f1\u00f3 a algunas novicias y a un gran n\u00famero de hermanas j\u00f3venes procedentes de diversas Provincias y Regiones, en la preparaci\u00f3n para la profesi\u00f3n perpetua.<\/span><\/p>\n<p><span style=\"color: #003366;\">Consejera&nbsp; provincial&nbsp; durante &nbsp;muchos a\u00f1os, desde hace 4 a\u00f1os es asistente provincial. Desde hace 6 a\u00f1os est\u00e1 en la Casa Madre en un servicio totalmente diferente: acompa\u00f1ar a las hermanas mayores y a las hermanas enfermas. &nbsp;Misi\u00f3n exigente ciertamente pero gratificante. Ella dice: \u00a1Amo el contacto! \u00a1He sido feliz en mi vida!<\/span><\/p>\n<p><span style=\"color: #003366;\">A lo largo de estos a\u00f1os ha profundizado en la espiritualidad y el carisma de nuestra Congregaci\u00f3n.<\/span>[\/vc_column_text][\/vc_column_inner][\/vc_row_inner][\/vc_column][\/vc_row][vc_row row_space=&#8221;remove_padding_bottom&#8221;][vc_column][vc_column_text]<\/p>\n<h3><span style=\"color: #003366;\">El Carisma: una fuente que brota, siempre a &nbsp;seguir&nbsp; profundizando&nbsp;<\/span><\/h3>\n<p><span style=\"color: #003366;\">No se puede encerrar el carisma en palabras, porque el Esp\u00edritu, no sabes de d\u00f3nde viene, ni ad\u00f3nde va&#8230;<\/span><\/p>\n<p><span style=\"color: #003366;\">En la Regla de vida hay leyes, normas can\u00f3nicas, es necesario, pero est\u00e1n al servicio de la vida. Es una Regla de vida.<\/span><\/p>\n<p><span style=\"color: #003366;\">El cristianismo no es la religi\u00f3n de una ley, sino de una persona. Jes\u00fas mismo, viviendo en nosotros por su Esp\u00edritu, es nuestra Regla de Vida. Su amor es nuestra ley. La obediencia a esta ley nos hace conformes a su persona. Es una ley de llamada.<\/span><\/p>\n<p><span style=\"color: #003366;\">El carisma es una fuente que siempre &nbsp;brota. Mar\u00eda Rivier bebi\u00f3 abundantemente de esta fuente y, por todos los medios, busc\u00f3 que fuera para cada una fuente de vida. No ha escatimado esfuerzos al servicio de la animaci\u00f3n espiritual de su Congregaci\u00f3n.<\/span>[\/vc_column_text][vc_empty_space][vc_custom_heading text=&#8221;26 de mayo<br \/>\nDe la INTERNACIONALIDAD a la INTERCULTURALIDAD&#8221; font_container=&#8221;tag:h2|font_size:28|text_align:left|color:%230039d8&#8243; google_fonts=&#8221;font_family:Andada%3Aregular|font_style:400%20regular%3A400%3Anormal&#8221;][vc_empty_space height=&#8221;20px&#8221;][vc_row_inner][vc_column_inner width=&#8221;1\/4&#8243;][vc_column_text]<img loading=\"lazy\" decoding=\"async\" class=\"alignleft wp-image-21870\" src=\"https:\/\/soeurs-de-la-presentation-de-marie.org\/pom\/wp-content\/uploads\/2021\/05\/Screenshot-9.png\" alt=\"\" width=\"475\" height=\"434\">[\/vc_column_text][\/vc_column_inner][vc_column_inner width=&#8221;3\/4&#8243;][vc_column_text]<span style=\"color: #003366;\"><strong>Tim Norton, SVD<\/strong> es &nbsp;miembro de la Sociedad del Verbo Divino originario de Sydney, Australia.<\/span><\/p>\n<p><span style=\"color: #003366;\">Damos las gracias al padre Tim por estar con nosotras y compartir su rica experiencia para ayudarnos a avanzar en una nueva profundizaci\u00f3n de nuestra internacionalidad hacia la interculturalidad en este momento de nuestra historia. Los conocimientos pr\u00e1cticos que comparte con nosotras no son simplemente una herramienta de funci\u00f3n, sino un medio de conversi\u00f3n, de conocimiento de s\u00ed misma, y de mayor conocimiento y encuentro con Dios. As\u00ed, no nos ofrece s\u00f3lo un taller, sino un medio para crecer en nuestra propia santidad y en la santidad de nuestra vida com\u00fan.<\/span>[\/vc_column_text][\/vc_column_inner][\/vc_row_inner][\/vc_column][\/vc_row][vc_row row_space=&#8221;remove_padding_bottom&#8221;][vc_column][vc_column_text]<\/p>\n<p>ngg_shortcode_1_placeholder[\/vc_column_text][vc_empty_space height=&#8221;28px&#8221;][vc_custom_heading text=&#8221;28 de mayo<br \/>\nRelectura de nuestra experiencia con el P. Tim Norton, svd<br \/>\nNoticias sobre nuestra Casa de Familia de Bourg St. And\u00e9ol<br \/>\nPuesta en com\u00fan de las experiencias vividas y de los desaf\u00edos<br \/>\nPresentaciones: Provincia de Estados Unidos, S. Helen C\u00f4te; Provincia de Francia, S Jane Wilkinson y Provincia de Filipinas, S. Samuelita Enriquez&#8221; font_container=&#8221;tag:h2|font_size:24|text_align:left|color:%23024edb|line_height:1.5&#8243; google_fonts=&#8221;font_family:Andada%3Aregular|font_style:400%20regular%3A400%3Anormal&#8221;][vc_column_text]&nbsp;<\/p>\n<p><span style=\"color: #003366;\">Comenzamos nuestra sesi\u00f3n con una relectura del tema: De la internacionalidad a la interculturalidad que nos present\u00f3 el mi\u00e9rcoles el P. Tim Norton SVD.&nbsp; Tres preguntas guiaron nuestro compartir y nos ayudaron a profundizar en este tema.<\/span><\/p>\n<p><span style=\"color: #003366;\">La Hna. Jane nos invit\u00f3 a vivir una peregrinaci\u00f3n virtual de nuestra Casa Madre de Bourg St.And\u00e9ol. Pudimos ver por nosotras mismas las formas en que nuestras hermanas trabajan para que una visita all\u00ed sea un encuentro con Mar\u00eda Rivier y la herencia que nos ha dejado.<\/span><\/p>\n<p><span style=\"color: #003366;\">Tambi\u00e9n comenzamos las presentaciones preparadas por nuestras Provincias\/Regiones y Misiones.&nbsp; Presentaron sus alegr\u00edas y desaf\u00edos &nbsp;hoy y sus esperanzas y sue\u00f1os para el futuro.&nbsp; Mientras escuch\u00e1bamos pudimos tocar el esp\u00edritu de Mar\u00eda Rivier vivo en sus hijas.<\/span>[\/vc_column_text][\/vc_column][\/vc_row][vc_row row_space=&#8221;remove_padding_bottom&#8221;][vc_column][vc_custom_heading text=&#8221;Segunda semana&#8221; font_container=&#8221;tag:h2|font_size:30|text_align:center|color:%230231dd&#8221; google_fonts=&#8221;font_family:Andada%3Aregular|font_style:400%20regular%3A400%3Anormal&#8221;][vc_custom_heading text=&#8221;01 de junio<br \/>\nContinuaci\u00f3n del Compartir experiencias vividas<br \/>\nPresentaciones: Provincia de Espa\u00f1a, S. Soledad Saez; Provincia de Mozambique, S. Teresa Carolina de Carvalho; Provincia de Portugal, S Fernanda Pereira; Misi\u00f3n de Brasil, S. Isabel Grachane y Regi\u00f3n de Per\u00fa, S Enith Elena Ferreira&#8221; font_container=&#8221;tag:h2|font_size:24|text_align:left|color:%230066bf&#8221; google_fonts=&#8221;font_family:Andada%3Aregular|font_style:400%20regular%3A400%3Anormal&#8221;][vc_column_text]&nbsp;<\/p>\n<p><span style=\"color: #003366;\">Continuaron las presentaciones preparadas por nuestras Provincias\/Regiones y Misiones.&nbsp; Cada una present\u00f3 sus alegr\u00edas y desaf\u00edos &nbsp;hoy y sus esperanzas y sue\u00f1os para el futuro.&nbsp; Mientras escuch\u00e1bamos, pudimos tocar el esp\u00edritu de Mar\u00eda Rivier vivo en sus hijas y la fidelidad creativa a su Carisma en respuesta a las necesidades particulares de sus pa\u00edses.<\/span><\/p>\n<p><span style=\"color: #003366;\">Al final del d\u00eda, las diferentes Comisiones de la Administraci\u00f3n General han compartido tambi\u00e9n algunos planes y ecos de su \u00e1rea de responsabilidad. Las Comisiones son las siguientes: Formaci\u00f3n, Pastoral Juvenil y Vocacional, Laicos Consagrados y Asociados Mar\u00eda Rivier.<\/span><\/p>\n<p>ngg_shortcode_2_placeholder[\/vc_column_text][vc_empty_space height=&#8221;18px&#8221;][vc_row_inner][vc_column_inner width=&#8221;1\/2&#8243;][vc_custom_heading text=&#8221;L&#8217;exp\u00e9rience v\u00e9cue par Sr Sam lors de la Vid\u00e9o conf\u00e9rence du Conseil de Congr\u00e9gation 2021&#8243; font_container=&#8221;tag:h2|font_size:16|text_align:left&#8221; google_fonts=&#8221;font_family:Andada%3Aregular|font_style:400%20regular%3A400%3Anormal&#8221;][vc_video link=&#8221;https:\/\/youtu.be\/cUigm3P_Bxo&#8221; el_width=&#8221;80&#8243; align=&#8221;center&#8221;][\/vc_column_inner][vc_column_inner width=&#8221;1\/2&#8243;][vc_custom_heading text=&#8221;R\u00e9action de S\u0153ur Lise \u00e0 la premi\u00e8re vid\u00e9oconf\u00e9rence du conseil de congr\u00e9gation 2021.&#8221; font_container=&#8221;tag:h2|font_size:16|text_align:left&#8221; google_fonts=&#8221;font_family:Andada%3Aregular|font_style:400%20regular%3A400%3Anormal&#8221;][vc_video link=&#8221;https:\/\/youtu.be\/vKOk44vxlBU&#8221; el_width=&#8221;80&#8243; align=&#8221;center&#8221;][\/vc_column_inner][\/vc_row_inner][\/vc_column][\/vc_row][vc_row row_space=&#8221;remove_padding_top&#8221;][vc_column][vc_custom_heading text=&#8221;3 Junio<br \/>\nPresentaci\u00f3n de la Moderadora del Cap\u00edtulo General, Hna. Marian Murcia<br \/>\nRepresentaci\u00f3n en el Cap\u00edtulo General 2023<br \/>\nIntercambio de experiencias y desaf\u00edos de las Provincias, Regiones y Misiones<br \/>\nPresentaciones: Provincia de Pr\u00edncipe Alberto, Sor Lise Paquette; Provincia de Quebec, Sor Ang\u00e8le Dion; Provincia de Senegal, Sor Louise Dioh&#8221; font_container=&#8221;tag:h2|font_size:23|text_align:left|color:%230449d3|line_height:1.5&#8243; google_fonts=&#8221;font_family:Andada%3Aregular|font_style:400%20regular%3A400%3Anormal&#8221;][vc_row_inner][vc_column_inner width=&#8221;1\/4&#8243;][vc_column_text]<img loading=\"lazy\" decoding=\"async\" class=\"alignleft wp-image-22087 size-full\" src=\"https:\/\/soeurs-de-la-presentation-de-marie.org\/pom\/wp-content\/uploads\/2021\/06\/Screenshot-44-4.png\" alt=\"\" width=\"500\" height=\"356\">[\/vc_column_text][\/vc_column_inner][vc_column_inner width=&#8221;3\/4&#8243;][vc_column_text]&nbsp;<\/p>\n<p><span style=\"color: #003366;\">La hermana Marian Murcia, HFB (Hermanas de la Sagrada Familia de Burdeos) ser\u00e1 la moderadora de nuestro Cap\u00edtulo General en 2023. Hoy ha estado con nosotras y ha compartido sus reflexiones sobre El impacto de la VUCA en el contexto de la era post-pand\u00e9mica. El acr\u00f3nimo VUCA describe lo que estamos viviendo hoy en d\u00eda como resultado de la pandemia del Covid 19. V de Volatilidad, U de Incertidumbre, C de Complejidad y A de Ambig\u00fcedad. Reflexion\u00f3 e identific\u00f3 con nosotras los desaf\u00edos a los que los l\u00edderes de la vida religiosa se enfrentan hoy y se enfrentar\u00e1n en el futuro.<\/span>[\/vc_column_text][\/vc_column_inner][\/vc_row_inner][\/vc_column][\/vc_row][vc_row row_space=&#8221;remove_padding_top&#8221;][vc_column][vc_column_text]<span style=\"color: #003366;\">La Hermana Louise, nuestra Secretaria General, present\u00f3 al grupo una propuesta sobre el n\u00famero de delegadas a elegir para el Cap\u00edtulo General de 2023 de cada Provincia, Regi\u00f3n y Misi\u00f3n.<\/span><\/p>\n<p><span style=\"color: #003366;\">Las presentaciones preparadas por nuestras Provincias\/Regiones y Misiones continuaron.&nbsp; Cada una present\u00f3 sus alegr\u00edas y desaf\u00edos para hoy y sus esperanzas y sue\u00f1os para el futuro.&nbsp; Mientras escuch\u00e1bamos, pudimos tocar el esp\u00edritu de Mar\u00eda Rivier vivo en sus hijas y la fidelidad creativa a su carisma es evidente en los diferentes &nbsp;contextos y necesidades de sus hijas en todo el mundo.<\/span><\/p>\n<p>ngg_shortcode_3_placeholder[\/vc_column_text][vc_empty_space height=&#8221;40px&#8221;][vc_custom_heading text=&#8221;5 Junio<br \/>\nIntercambio de experiencias vividas y desaf\u00edos de nuestras Provincias, Regiones, Misiones<br \/>\nPresentaciones: Misi\u00f3n de Camer\u00fan, S. Josephine Tchea; Gambia, S. Marie Solange Badji y Misi\u00f3n de Jap\u00f3n, S. Mie Nakanishi<br \/>\nRevisar la representatividad<br \/>\nFinanzas: Fond Pontanier y Casa General&#8221; font_container=&#8221;tag:h2|font_size:23|text_align:left|color:%23034fc1&#8243; google_fonts=&#8221;font_family:Andada%3Aregular|font_style:400%20regular%3A400%3Anormal&#8221;][vc_column_text]<span style=\"color: #003366;\">En el sexto d\u00eda de nuestro Consejo Congregacional, continuamos compartiendo las alegr\u00edas y los desaf\u00edos de nuestra P\/R\/M de hoy. La Hna. Josephine Tchea present\u00f3 la Misi\u00f3n de Camer\u00fan, la Hna. Marie Solange Badji la Regi\u00f3n de Gambia y la Hna. Mie Nakanishi, la Misi\u00f3n de Jap\u00f3n<\/span><\/p>\n<p><span style=\"color: #003366;\">Sor Germaine Lapierre, ec\u00f3noma de la provincia de Quebec, habl\u00f3 del Fondo Pontanier, un fondo con sede en Quebec, que ayuda a cubrir las necesidades de las Hermanas. Sor Germaine inform\u00f3 a las Superioras de algunos cambios que el Consejo de Administraci\u00f3n del Fondo Pontanier ha realizado desde el Cap\u00edtulo General de 2017.&nbsp; En primer lugar, el Fondo Pontanier ha destinado un determinado porcentaje a las necesidades de las hermanas y otro a las de nuestros apostolados; en segundo lugar, nos present\u00f3 a su nueva colaboradora en este servicio, Jocelyne Desloges.&nbsp; Sor Claudette tambi\u00e9n dio un informe sobre la administraci\u00f3n de los fondos de la Casa General.<\/span><\/p>\n<p><span style=\"color: #003366;\">Sor Kelly explic\u00f3 el n\u00famero C34 de nuestras Constituciones sobre Bienes Patrimoniales, as\u00ed como un proyecto para crear una pol\u00edtica congregacional sobre la Protecci\u00f3n de Menores y Adultos Vulnerables.&nbsp; A continuaci\u00f3n, Sor &nbsp;Hort\u00eancia habl\u00f3 sobre la Formaci\u00f3n Permanente y el impulso misionero de la Congregaci\u00f3n. Las participantes compartieron sus sugerencias y observaciones sobre estos temas.<\/span><\/p>\n<p>ngg_shortcode_4_placeholder[\/vc_column_text][\/vc_column][\/vc_row][vc_row row_space=&#8221;remove_padding_bottom&#8221;][vc_column][vc_custom_heading text=&#8221;7 Junho<br \/>\nFormaci\u00f3n inicial &#8211; Noviciado Internacional<br \/>\nMensaje del tiempo del Cap\u00edtulo General 2017<br \/>\nHora de releer &#8211; Caminos para el futuro &#8230;&#8221; font_container=&#8221;tag:h2|font_size:23|text_align:left|color:%230061e0|line_height:1.3&#8243; google_fonts=&#8221;font_family:Andada%3Aregular|font_style:400%20regular%3A400%3Anormal&#8221;][vc_column_text]<span style=\"color: #003366;\">Hoy ha sido un d\u00eda muy interactivo&#8230; \u00a1se avecina un gran &#8220;trabajo en perspectiva\u201d!<\/span><\/p>\n<p><span style=\"color: #003366;\">Las Superioras conversaron&nbsp; sobre &nbsp;la reagrupaci\u00f3n de los noviciados, un tema que se viene discutiendo desde 2014. Durante la sesi\u00f3n de formaci\u00f3n de 2019, las hermanas implicadas en la formaci\u00f3n inicial aprobaron diferentes agrupaciones de &nbsp;noviciados PM con algunas notas importantes y sugirieron que hubiera un equipo de formaci\u00f3n intercultural bien formado y preparado. Las superioras continuaron el estudio reflexivo durante esta sesi\u00f3n. Esto fue facilitado por la Hna. ClaudetteCasavant.<\/span><\/p>\n<ol start=\"2023\">\n<li><span style=\"color: #003366;\">Hortencia Ubisse y la Hna. Kelly Connors recordaron el Mensaje Final del Cap\u00edtulo General de 2017 y, a trav\u00e9s del intercambio de las participantes, pudimos ver en qu\u00e9 podemos centrarnos para los pr\u00f3ximos dos a\u00f1os e identificar los temas de atenci\u00f3n para el pr\u00f3ximo Cap\u00edtulo General de 2023.<\/span><\/li>\n<\/ol>\n<p><span style=\"color: #003366;\">En la parte final de la sesi\u00f3n, la Hna. Claudette lanz\u00f3 al grupo &nbsp;una revisi\u00f3n y discernimiento de las prioridades y nuevas \u00e1reas de evangelizaci\u00f3n basadas en las presentaciones de cada participante durante las dos semanas anteriores. La puesta en com\u00fan en peque\u00f1os grupos abri\u00f3 algunos horizontes y nos ayud\u00f3 a estar atentas a las realidades vividas en la Congregaci\u00f3n.&nbsp;&nbsp;&nbsp;<\/span><\/p>\n<p><span style=\"color: #003366;\">Cerramos la sesi\u00f3n agradeciendo a cada una los intercambios &nbsp;animados y el amor que ponemos en el trabajo que se nos pide.<\/span>[\/vc_column_text][vc_empty_space][vc_custom_heading text=&#8221;9 Junho<br \/>\nOraci\u00f3n inicial<br \/>\nFormas de avanzar &#8211; profundizaci\u00f3n<br \/>\nCompartir\/discernir &#8211; Preguntas<br \/>\nCelebraci\u00f3n de nuestros 225 a\u00f1os de fundaci\u00f3n<br \/>\nEvaluaci\u00f3n &#8211; orientaciones&#8221; font_container=&#8221;tag:h2|font_size:23|text_align:left|color:%230055c4&#8243; google_fonts=&#8221;font_family:Andada%3Aregular|font_style:400%20regular%3A400%3Anormal&#8221;][vc_custom_heading text=&#8221;El viento sopla donde quiere, y oyes su voz, pero no sabes de d\u00f3nde viene ni a d\u00f3nde va.<br \/>\nAs\u00ed es todo el que nace del Esp\u00edritu.\u00bb &#8211; Juan 3:8 -&#8221; font_container=&#8221;tag:h2|font_size:32|text_align:center|color:%23115dc1&#8243; google_fonts=&#8221;font_family:Allura%3Aregular|font_style:400%20regular%3A400%3Anormal&#8221;][vc_empty_space height=&#8221;28px&#8221;][vc_column_text]<span style=\"color: #003366;\">\u00a1M\u00e1s trabajo serio!<\/span><\/p>\n<p><span style=\"color: #003366;\">Hoy nos hemos lanzado a dos momentos de compartir en grupo. Con el tiempo asignado, nos sumergimos en los temas que m\u00e1s importan en nuestra vida como congregaci\u00f3n, teniendo en cuenta nuestras realidades y las de nuestro entorno. Los dos momentos fueron bien aprovechados para explorar los signos de los tiempos que el mundo nos muestra y los caminos que podemos tomar para poder responder a estas llamadas del Esp\u00edritu. La apertura, la conversi\u00f3n al Evangelio, la creatividad, los riesgos, la salida de nuestras zonas de confort, la solidaridad, la sencillez, la acogida de los retos y las diferencias son algunas de las actitudes y valores mencionados que pueden acompa\u00f1arnos en el futuro.<\/span><\/p>\n<p><span style=\"color: #003366;\">El \u00faltimo momento fue la presentaci\u00f3n de la Madre Mar\u00eda dos Anjos. Subray\u00f3 que nuestro a\u00f1o de acci\u00f3n de gracias debe ir acompa\u00f1ado de acciones concretas.&nbsp; El a\u00f1o que estamos celebrando es tambi\u00e9n un a\u00f1o en el que el mundo est\u00e1 todav\u00eda en las garras de COVID 19, que ha tenido un fuerte impacto en la vida de todos de una manera u otra. Juntas nos preparamos para afrontar este a\u00f1o turbulento y en la misericordia de Dios encontramos rayos de luz y esperanza para un&nbsp; futuro nuevo<\/span><\/p>\n<p><span style=\"color: #003366;\">Nuestra Superioa General nos ha invitado a encontrar respuestas creativas a las necesidades de la Formaci\u00f3n Permanente y a revitalizar nuestra Pastoral Vocacional. El Esp\u00edritu sigue creando novedad a nuestro alrededor y a trav\u00e9s de nosotras.<\/span><\/p>\n<p>ngg_shortcode_5_placeholder[\/vc_column_text][vc_custom_heading text=&#8221;La ESPERANZA es como la vela de un barco que recoge la fuerza de los vientos y empuja el barco hacia las profundidades o hacia la orilla&#8230;&#8217; &#8211; Papa Francisco&#8221; font_container=&#8221;tag:h2|font_size:32|text_align:center|color:%23115cbf&#8221; google_fonts=&#8221;font_family:Allura%3Aregular|font_style:400%20regular%3A400%3Anormal&#8221;][\/vc_column][\/vc_row][vc_row row_space=&#8221;remove_padding_top&#8221;][vc_column][vc_custom_heading text=&#8221;11 de junio<br \/>\nReuniones interprovinciales por grupos ling\u00fc\u00edsticos &#8211; octubre, noviembre y diciembre de 2021<br \/>\nTema propuesto para el Cap\u00edtulo General de 2023, agradecimiento, mensaje final y oraci\u00f3n de clausura.&#8221; font_container=&#8221;tag:h2|font_size:23|text_align:left|color:%23004dc1|line_height:1.5&#8243; google_fonts=&#8221;font_family:Andada%3Aregular|font_style:400%20regular%3A400%3Anormal&#8221;][vc_column_text]&nbsp;<\/p>\n<p><span style=\"color: #003366;\">Hoy es el \u00faltimo d\u00eda de la reuni\u00f3n de tres semanas del Consejo de Congregaci\u00f3n por videoconferencia, la primera en la historia de &nbsp;la PM.<\/span><\/p>\n<p><span style=\"color: #003366;\">La primera parte comenz\u00f3 con la presentaci\u00f3n de las fechas de las reuniones de los consejos interprovinciales e interregionales que se organizar\u00e1n por grupos ling\u00fc\u00edsticos. Tambi\u00e9n se retom\u00f3 la presentaci\u00f3n de las acciones concretas para el 225 aniversario de la fundaci\u00f3n de la Congregaci\u00f3n. En un futuro pr\u00f3ximo se realizar\u00e1 un proyecto: una luz brillante en un mundo que sufre.<\/span><\/p>\n<p><span style=\"color: #003366;\">Ya la Madre Mar\u00eda dos Anjos ha introducido la reflexi\u00f3n para un tema del Cap\u00edtulo General de 2023. Desea que el mayor n\u00famero posible de personas participenn en esta reflexi\u00f3n y en la posible formulaci\u00f3n del tema. Estas sugerencias se presentar\u00e1n en las reuniones de los Consejos Interprovinciales.<\/span><\/p>\n<p><span style=\"color: #003366;\">Continuamos compartiendo sobre la celebraci\u00f3n del 39 &nbsp;aniversario de la beatificaci\u00f3n de la Beata Mar\u00eda Rivier, y luego fue el momento de decir &#8220;\u00a1Gracias!&#8221; a la Madre Mar\u00eda dos Anjos y &nbsp;a su Consejo, a las participantes y a nuestro traductor del d\u00eda.&nbsp;<\/span><\/p>\n<p><span style=\"color: #003366;\">Por \u00faltimo, la Madre Mar\u00eda dos Anjos pronunci\u00f3 su mensaje final &nbsp;&nbsp;en la primera videoconferencia, de Consejo de Congregaci\u00f3n 2021,<\/span><\/p>\n<p><span style=\"color: #003300;\">Lo que hemos vivido juntas nos llama a un nuevo comienzo para dar a conocer a Jesucristo y hacerlo amar all\u00ed donde se nos env\u00ede. Nuestro esp\u00edritu de familia, la sencillez de nuestras relaciones y la acogida incondicional del otro nos dinamizan para continuar nuestro camino con serenidad y alegr\u00eda, para vivir con celo nuestra vocaci\u00f3n y misi\u00f3n de Hermanas de la Presentaci\u00f3n de Mar\u00eda: seguir a Jesucristo y actuar seg\u00fan su esp\u00edritu &nbsp;C2.<\/span><\/p>\n<p><span style=\"color: #003366;\">Aunque \u00e9ste fue nuestro \u00faltimo coro, \u00a1termin\u00f3 con una nota alta! La hermana Ginette nos dirigi\u00f3 en una oraci\u00f3n final de alabanza y agradecimiento.<\/span><\/p>\n<p><span style=\"color: #003366;\">Ahora que el encuentro ha terminado, caminemos con Mar\u00eda, Madre de la Santa Esperanza. Est\u00e1 cerca de sus hijas y siempre nos llevar\u00e1 m\u00e1s lejos&#8230;<\/span><\/p>\n<p><span style=\"color: #003366;\">\u00a1GRACIAS A TODAS!<\/span><\/p>\nngg_shortcode_6_placeholder\n<p><span style=\"color: #993300;\">Los v\u00eddeos (oraciones y saludos) presentados durante el Consejo de Congregaci\u00f3n est\u00e1n disponibles en el sitio web en la secci\u00f3n <a href=\"https:\/\/soeurs-de-la-presentation-de-marie.org\/pom\/es\/video-4\/\">RECURSOS<\/a> del men\u00fa principal.<\/span>[\/vc_column_text][\/vc_column][\/vc_row]<\/p>\n<\/div>","protected":false},"excerpt":{"rendered":"<p>[vc_row][vc_column width=&#8221;2\/3&#8243;][vc_custom_heading text=&#8221;Jesucristo en el coraz\u00f3n de nuestra historia\u00a1 \u00c9l es nuestra luz, nuestra fuerza, nuestro TODO!&#8221; font_container=&#8221;tag:h2|font_size:36|text_align:center|color:%230039d8&#8243; google_fonts=&#8221;font_family:Amaranth%3Aregular%2Citalic%2C700%2C700italic|font_style:400%20regular%3A400%3Anormal&#8221;][vc_empty_space height=&#8221;100px&#8221;][vc_custom_heading text=&#8221;CONSEJO DE CONGREGACI\u00d3N&#8221; font_container=&#8221;tag:h2|font_size:34|text_align:center|color:%230066bf&#8221; google_fonts=&#8221;font_family:Amaranth%3Aregular%2Citalic%2C700%2C700italic|font_style:400%20regular%3A400%3Anormal&#8221;][vc_column_text]&nbsp; El Consejo de Congregaci\u00f3n es el Consejo abierto de la Superiora general. Le permite a ella y a su Consejo una mejor informaci\u00f3n sobre las necesidades espirituales y apost\u00f3licas de [&hellip;]<\/p>\n","protected":false},"author":6,"featured_media":0,"parent":0,"menu_order":0,"comment_status":"closed","ping_status":"closed","template":"","meta":{"ngg_post_thumbnail":0,"footnotes":""},"lang":"es","translations":{"es":20669},"pll_sync_post":[],"_links":{"self":[{"href":"https:\/\/soeurs-de-la-presentation-de-marie.org\/pom\/wp-json\/wp\/v2\/pages\/20669"}],"collection":[{"href":"https:\/\/soeurs-de-la-presentation-de-marie.org\/pom\/wp-json\/wp\/v2\/pages"}],"about":[{"href":"https:\/\/soeurs-de-la-presentation-de-marie.org\/pom\/wp-json\/wp\/v2\/types\/page"}],"author":[{"embeddable":true,"href":"https:\/\/soeurs-de-la-presentation-de-marie.org\/pom\/wp-json\/wp\/v2\/users\/6"}],"replies":[{"embeddable":true,"href":"https:\/\/soeurs-de-la-presentation-de-marie.org\/pom\/wp-json\/wp\/v2\/comments?post=20669"}],"version-history":[{"count":48,"href":"https:\/\/soeurs-de-la-presentation-de-marie.org\/pom\/wp-json\/wp\/v2\/pages\/20669\/revisions"}],"predecessor-version":[{"id":22406,"href":"https:\/\/soeurs-de-la-presentation-de-marie.org\/pom\/wp-json\/wp\/v2\/pages\/20669\/revisions\/22406"}],"wp:attachment":[{"href":"https:\/\/soeurs-de-la-presentation-de-marie.org\/pom\/wp-json\/wp\/v2\/media?parent=20669"}],"curies":[{"name":"wp","href":"https:\/\/api.w.org\/{rel}","templated":true}]}}