{"id":23667,"date":"2021-08-23T15:05:25","date_gmt":"2021-08-23T13:05:25","guid":{"rendered":"https:\/\/soeurs-de-la-presentation-de-marie.org\/pom\/?page_id=23667"},"modified":"2021-08-23T16:20:49","modified_gmt":"2021-08-23T14:20:49","slug":"mission-du-cameroun","status":"publish","type":"page","link":"https:\/\/soeurs-de-la-presentation-de-marie.org\/pom\/mission-du-cameroun\/","title":{"rendered":"MISSION DU CAMEROUN"},"content":{"rendered":"<div class=\"wpb-content-wrapper\"><p>[vc_row row_space=&#8221;remove_padding_bottom&#8221;][vc_column][vc_custom_heading text=&#8221;HISTORIQUE DE LA MISSION DU CAMEROUN&#8221; font_container=&#8221;tag:h2|font_size:40|text_align:left|color:%23257016&#8243; google_fonts=&#8221;font_family:Adamina%3Aregular|font_style:400%20regular%3A400%3Anormal&#8221;][vc_empty_space height=&#8221;40px&#8221;][vc_row_inner][vc_column_inner][gva_block_heading title=&#8221;Invitation&#8221; style=&#8221;style-4&#8243; align=&#8221;align-left&#8221;]<span style=\"color: #008080;\">La pr\u00e9sence des S\u0153urs de la Pr\u00e9sentation en terre Camerounaise est le fruit du labeur de Monseigneur Jean Pasquier. Celui-ci adresse une demande \u00e0 M\u00e8re Jean-Th\u00e9ophane, alors Sup\u00e9rieure g\u00e9n\u00e9rale de la Congr\u00e9gation. Monseigneur Pasquier fait la demande d\u2019une communaut\u00e9 de s\u0153urs pour la mission catholique d\u2019Atta. Apr\u00e8s plusieurs tentatives aupr\u00e8s d\u2019autres Congr\u00e9gations pour obtenir gain de cause, il se rend \u00e0 Castel Gandolfo le 20 mai 1987, \u00e0 la suggestion d\u2019un de ses confr\u00e8res, le p\u00e8re Jean Loiseau, oblat. La demande est prise en consid\u00e9ration par le Chapitre g\u00e9n\u00e9ral qui a lieu \u00e0 Ariccia, au mois de septembre 1987. Monseigneur en est inform\u00e9 et exprime aussit\u00f4t sa satisfaction dans une lettre non dat\u00e9e adress\u00e9e \u00e0 la Sup\u00e9rieure g\u00e9n\u00e9rale. En r\u00e9ponse \u00e0 la proposition de Monseigneur, le Conseil g\u00e9n\u00e9ral d\u00e9l\u00e8gue alors S\u0153ur Louisa de J\u00e9sus, Conseill\u00e8re g\u00e9n\u00e9rale, s\u0153ur Gis\u00e8le Fournier, Sup\u00e9rieure provinciale de la Province de Montr\u00e9al et s\u0153ur Jacqueline Guit\u00e9, religieuse missionnaire de la Province de Montr\u00e9al, \u0153uvrant en S\u00e9n\u00e9gambie depuis 1963. Toutes trois se rendent au Cameroun de la fin mars au 08 avril 1988.<\/span>[\/gva_block_heading][gva_block_heading title=&#8221;Premier voyage missionaire en terre CAMEROUNAISE&#8221; style=&#8221;style-4&#8243; align=&#8221;align-left&#8221;]<span style=\"color: #008080;\">Parties de Rome, nos s\u0153urs Louisa de J\u00e9sus et Gis\u00e8le Fournier font escale \u00e0 Dakar pour une nuit et repartent d\u00e8s le lendemain avec s\u0153ur Jacqueline Guit\u00e9 qui les accompagne \u00e0 titre d\u2019\u00e9claireuse vu sa longue exp\u00e9rience de l\u2019Afrique. Le voyage est long avec escale \u00e0 toutes les capitales de la c\u00f4te ouest-africaine. Arriv\u00e9es \u00e0 Douala, elles en repartent le lendemain, par avion via Yaound\u00e9 et Ngaound\u00e9r\u00e9 o\u00f9 Mgr Jean Pasquier les accueille chaleureusement dans son Ev\u00each\u00e9. Ensuite par la route, avec l\u2019\u00c9v\u00eaque, elles redescendent vers le Nord-ouest du pays pour enfin atteindre le lointain village d\u2019Atta, \u00e0 la d\u00e9couverte d\u2019une mission toute pr\u00eate pour un nouvel \u00e9lan d\u2019\u00e9vang\u00e9lisation.<\/span>[\/gva_block_heading][gva_block_heading title=&#8221;Les Fondatrices&#8221; style=&#8221;style-4&#8243; align=&#8221;align-left&#8221;]<span style=\"color: #008080;\">S\u0153ur Jacqueline Guit\u00e9 est nomm\u00e9e responsable de la fondation et Sup\u00e9rieure de la communaut\u00e9 pr\u00e9sentine d\u2019Atta. Elle partira donc le 20 janvier 1989 avec trois autres compagnes. Il s\u2019agit de s\u0153ur Margaret Camir\u00e9 de la province de Methuen, s\u0153ur Marie-Veronique Di\u00e9m\u00e9 du S\u00e9n\u00e9gal et s\u0153ur Lise Thibodeau de la Province de Montr\u00e9al. De juin \u00e0 janvier, la future mission se pr\u00e9pare et s\u2019organise. C\u2019est un grand d\u00e9fi pour la province religieuse de Montr\u00e9al qui, pour la premi\u00e8re fois prend la responsabilit\u00e9 d\u2019une mission en Afrique centrale.<\/span>[\/gva_block_heading][\/vc_column_inner][\/vc_row_inner][vc_row_inner][vc_column_inner width=&#8221;1\/6&#8243;][\/vc_column_inner][vc_column_inner width=&#8221;2\/3&#8243;][vc_column_text]<img loading=\"lazy\" decoding=\"async\" class=\"aligncenter wp-image-23700 size-full\" src=\"https:\/\/soeurs-de-la-presentation-de-marie.org\/pom\/wp-content\/uploads\/2021\/08\/Cameroun-2-1.jpg\" alt=\"\" width=\"1275\" height=\"1650\">[\/vc_column_text][\/vc_column_inner][vc_column_inner width=&#8221;1\/6&#8243;][\/vc_column_inner][\/vc_row_inner][\/vc_column][\/vc_row][vc_row row_space=&#8221;remove_padding_top&#8221;][vc_column][gva_block_heading title=&#8221;Voyage et arrivee des missionaires au Cameroun&#8221; style=&#8221;style-4&#8243; align=&#8221;align-left&#8221;]<span style=\"color: #008080;\">Parties de Montr\u00e9al le 20 janvier, nos s\u0153urs arrivaient donc enfin au bout du voyage au soir du 27 janvier, pour entrer dans leur petite case toute fra\u00eechement r\u00e9nov\u00e9e et blanchie \u00e0 la chaux afin d\u2019y dormir, confiantes, heureuses, abandonn\u00e9es \u00e0 la Providence qui les avait prot\u00e9g\u00e9es tout au long de ce voyage en terre camerounaise. Le 29 janvier, premi\u00e8re messe avec les chr\u00e9tiens d\u2019Atta. Mgr Pasquier pr\u00e9sente les s\u0153urs \u00e0 la communaut\u00e9 des fid\u00e8les r\u00e9unis pour l\u2019Eucharistie du dimanche.<\/span>[\/gva_block_heading][gva_block_heading title=&#8221;La vie missionaire&#8221; style=&#8221;style-4&#8243; align=&#8221;align-left&#8221;]<span style=\"color: #008080;\">Les premiers mois qui suivirent l\u2019arriv\u00e9e des quatre fondatrices se pass\u00e8rent \u00e0 l\u2019apprentissage de la langue, des coutumes et des m\u0153urs du peuple<strong> mambila. <\/strong>Les gens furent exceptionnellement accueillants partout. Apr\u00e8s avoir expliqu\u00e9 \u00e0 la population le pourquoi de leur venue, les s\u0153urs exprim\u00e8rent leur d\u00e9sir d\u2019\u00eatre vraiment pour tous, des s\u0153urs et des amies pr\u00eates \u00e0 travailler avec eux, \u00e0 partir de leurs attentes et de leurs besoins.<\/span>[\/gva_block_heading][vc_custom_heading text=&#8221;AUJOURD&#8217;HUI&#8221; font_container=&#8221;tag:h2|font_size:50|text_align:center|color:%233b7030&#8243; google_fonts=&#8221;font_family:Alegreya%20Sans%3A100%2C100italic%2C300%2C300italic%2Cregular%2Citalic%2C500%2C500italic%2C700%2C700italic%2C800%2C800italic%2C900%2C900italic|font_style:500%20bold%20regular%3A500%3Anormal&#8221;][vc_column_text]<span style=\"color: #008080;\">Le Cameroun est un pays situ\u00e9 au Centre de l&#8217;Afrique. Il compte dix r\u00e9gions. Pour notre Mission nous sommes dans deux r\u00e9gions. \u00c0 l\u2019Ouest dans le dioc\u00e8se de Bafoussam avec quatre communaut\u00e9s : Foumbot, Bafoussam, Doumelong (maison de formation) et Bamougong&nbsp;; dans le Littoral archidioc\u00e8se de Douala nous avons une communaut\u00e9. Dans la r\u00e9gion de l\u2019Ouest la population vit \u00e0 90% de l\u2019agriculture et du commerce. Sur le plan religieux, elle est \u00e0 plus de 50% catholique.<\/span>[\/vc_column_text][gva_block_heading title=&#8221;Education&#8221; style=&#8221;style-4&#8243; align=&#8221;align-left&#8221;]<span style=\"color: #008080;\">Dans la Mission du Cameroun, la plupart des s\u0153urs sont dans l\u2019enseignement \u00e0 la maternelle, au primaire et au secondaire. Nous assurons le secr\u00e9tariat \u00e0 la procure des missions du dioc\u00e8se de Bafoussam. &nbsp;<\/span>[\/gva_block_heading][gva_block_heading title=&#8221;Pastorale&#8221; style=&#8221;style-4&#8243; align=&#8221;align-left&#8221;]<span style=\"color: #008080;\">Les s\u0153urs sont aussi tr\u00e8s actives dans la pastorale : la cat\u00e9ch\u00e8se des enfants, des jeunes et adultes en vue de la r\u00e9ception des sacrements d\u2019initiation chr\u00e9tienne&nbsp;; la pastorale et la visite des malades pour prier avec eux et leur donner la Communion, ce que beaucoup appr\u00e9cient et qui les aident \u00e0 porter leur souffrance avec joie et esp\u00e9rance. Nous sommes aussi proches des personnes \u00e2g\u00e9es et seules pour leur donner le go\u00fbt de vivre. Nous offrons g\u00e9n\u00e9reusement nos services pour le Sanctuaire Marial dioc\u00e8se de Bafoussam situ\u00e9 \u00e0 Doumelong. Nous assurons l\u2019accompagnement des jeunes dans les mouvements et groupes divers. Nous sommes activement impliqu\u00e9es dans la pastorale de l\u2019enfance au niveau du dioc\u00e8se, dans les paroisses o\u00f9 nous sommes et ailleurs selon les demandes.<\/span>[\/gva_block_heading][vc_column_text]<\/p>\n<p>ngg_shortcode_0_placeholder[\/vc_column_text][gva_block_heading title=&#8221;Sant\u00e9&#8221; style=&#8221;style-4&#8243; align=&#8221;align-left&#8221;]<span style=\"color: #008080;\">Nous \u0153uvrons aussi dans le domaine de la sant\u00e9 dans les centres catholiques. &nbsp;Quelques s\u0153urs sont en formation pour l\u2019accompagnement psychologique et spirituel afin de r\u00e9pondre \u00e0 ce besoin qui se fait sentir de plus en plus dans notre soci\u00e9t\u00e9 aujourd\u2019hui.<\/span>[\/gva_block_heading][gva_block_heading title=&#8221;Famille Spirituelle&#8221; style=&#8221;style-4&#8243; align=&#8221;align-left&#8221;]<span style=\"color: #008080;\">La\u00efcs Consacr\u00e9s, Associ\u00e9s Marie Rivier et Jeunesse Rivier sont des groupes form\u00e9s par nous, dans le but de partager la spiritualit\u00e9 de notre M\u00e8re Rivier&nbsp;; nous recueillons la satisfaction de beaucoup qui font partie de ces groupes, parce qu\u2019ils permettent aux adultes, aux jeunes et aux enfants de donner un sens \u00e0 leur vie \u00e0 la suite du Christ sur les pas de la Bienheureuse Marie Rivier. Nous sommes aussi bien actives dans le service des c\u00e9l\u00e9brations de la Parole de Dieu en l\u2019absence du pr\u00eatre en paroisse ou dans les postes de mission. Nous assurons l&#8217;entretien de la sacristie dans les paroisses o\u00f9 nous sommes. Nous sommes aussi impliqu\u00e9es dans l\u2019accompagnement des groupes de vocation dans les paroisses et m\u00eame dans le Dioc\u00e8se et c\u2019est dans cette perspective que des jeunes s\u2019int\u00e9ressent \u00e0 notre charisme. Nous sommes impliqu\u00e9es dans le suivi des autres mouvements d\u2019action Catholique et des communaut\u00e9s eccl\u00e9siales de base o\u00f9 nous faisons le partage de la Parole de Dieu avec les fid\u00e8les de J\u00e9sus Christ.<\/span>[\/gva_block_heading][gva_block_heading title=&#8221;Formation&#8221; style=&#8221;style-4&#8243; align=&#8221;align-left&#8221;]<span style=\"color: #008080;\">Maisons de formation&nbsp;: Le postulat se fait au Cameroun \u00e0 Doumelong et le noviciat au S\u00e9n\u00e9gal \u00e0 Dakar (\u00e0 Rufisque).<\/span><\/p>\n<p><span style=\"color: #008080;\">Nous recevons aussi des formations continues ensemble, tous les trimestres avec des th\u00e8mes choisis en d\u00e9but d\u2019ann\u00e9e, pour notre croissance \u00e0 la suite de J\u00e9sus Christ. Par ailleurs les jeunes professes ont des sessions de formation avec les autres Congr\u00e9gations de l\u2019Archidioc\u00e8se de Douala et du Dioc\u00e8se de Bafoussam. Les responsables de formation suivent aussi de fa\u00e7on permanente des formations pour mieux accompagner les jeunes<\/span><\/p>\n<p><span style=\"color: #008080;\">Nous, s\u0153urs de la Pr\u00e9sentation de Marie,&nbsp;sommes attentives et pr\u00e9sentes dans le Projet Dioc\u00e9sain du Renouveau Incultur\u00e9 du Dioc\u00e8se de Bafoussam, un regard nouveau pour notre \u00c9glise particuli\u00e8re de Bafoussam. Nous sommes avec les autres Congr\u00e9gations dans l\u2019Union des Religieux et Religieuses des dioc\u00e8ses o\u00f9 nous sommes bas\u00e9es.<\/span><\/p>\n<p><span style=\"color: #008080;\">Nous accueillons \u00e0 Doumelong, dans notre maison Leatitia, des petits groupes de personnes pour le sanctuaire marial, pour une retraite ou pour un temps de repos.<\/span><\/p>\n<p><span style=\"color: #008080;\">\u00c0 Foumbot nous avons une boutique avec une machine de cr\u00e8me glac\u00e9e et bien d\u2019autres choses mises en vente fabriqu\u00e9s \u00e0 la main par des s\u0153urs .&nbsp; &nbsp;<\/span><\/p>\n<p><span style=\"color: #008080;\">C&#8217;est dans ces structures qu&#8217;avec z\u00e8le nous faisons conna\u00eetre et aimer J\u00e9sus et sa M\u00e8re la Sainte Vierge.<\/span><\/p>\n<p><span style=\"color: #008080;\">Dans la Mission du Cameroun, nous avons des moments forts que le temps liturgique nous offre pour \u00eatre et c\u00e9l\u00e9brer ensemble comme filles de la Femme-Ap\u00f4tre&nbsp;; No\u00ebl, P\u00e2ques, Pr\u00e9sentation de Marie, notre f\u00eate patronale. Cette parole&nbsp;: le <em>mettons-nous ensemble<\/em> de notre fondatrice, la Bienheureuse Marie Rivier, nous est tr\u00e8s ch\u00e8re. Il donne sens dans notre \u00eatre \u00e0 la suite de J\u00e9sus Christ.<\/span>[\/gva_block_heading][vc_column_text]<\/p>\n<p>ngg_shortcode_1_placeholder[\/vc_column_text][vc_custom_heading text=&#8221;Je vous laisse en h\u00e9ritage l\u2019esprit de pri\u00e8re (Marie Rivier)&#8221; font_container=&#8221;tag:h2|font_size:25|text_align:center|color:%233b7030&#8243; google_fonts=&#8221;font_family:Alegreya%20Sans%20SC%3A100%2C100italic%2C300%2C300italic%2Cregular%2Citalic%2C500%2C500italic%2C700%2C700italic%2C800%2C800italic%2C900%2C900italic|font_style:400%20regular%3A400%3Anormal&#8221;][vc_column_text]<span style=\"color: #008080;\">Cet h\u00e9ritage l\u00e9gu\u00e9 par notre fondatrice nous motive au jour le jour dans notre marche sur le chemin de la saintet\u00e9. C\u2019est dans la pri\u00e8re que nous puisons toutes nos forces pour vivre notre cons\u00e9cration \u00e0 la suite du Christ et y demeurer fid\u00e8les.<\/span><\/p>\n<p><span style=\"color: #008080;\">Notre passion d\u00e9coule d&#8217;abord de notre v\u00e9cu communautaire, de la pri\u00e8re personnelle et communautaire, de l&#8217;adoration, du <em>mettons-nous ensemble<\/em>, dans le partage des joies et des peines les unes des autres. Nous faisons r\u00e9guli\u00e8rement dans nos communaut\u00e9s des rencontres communautaires et des sorties communautaires lorsque cela est possible, ainsi que les retraites mensuelles et la retraite annuelle communautaire de fin d\u2019ann\u00e9e afin de nourrir et entretenir notre vie spirituelle et humaine.<\/span><\/p>\n<p><span style=\"color: #008080;\">Actuellement, la Mission du Cameroun compte 13 s\u0153urs \u00e0 v\u0153ux perp\u00e9tuels, 8 s\u0153urs \u00e0 v\u0153ux temporaires, 3 novices de deuxi\u00e8me ann\u00e9e et 2 postulantes en premi\u00e8re ann\u00e9e de formation. Nous enregistrons aussi un bon nombre de jeunes aspirantes dans chacune de nos communaut\u00e9s locales.&nbsp; Nous y voyons un signe de la pr\u00e9sence de J\u00e9sus Christ et de notre t\u00e9moignage de vie \u00e0 sa suite, Lui notre Ma\u00eetre.<\/span>[\/vc_column_text][vc_column_text]<\/p>\n<h4 style=\"text-align: center;\"><span style=\"color: #339966;\">NOTRE DEVISE&nbsp;: <em>TOUT POUR&nbsp;! TOUT PART LE SAINT AMOUR&nbsp;!<\/em><\/span><\/h4>\n<p><span style=\"color: #008080;\">Cette devise est pour nous, s\u0153urs de la Pr\u00e9sentation de Marie, une invitation \u00e0 trouver Dieu en toute chose. (Spiritualit\u00e9 Ignacienne)<\/span><\/p>\n<p><span style=\"color: #008080;\">Nous sommes au jour le jour heureuses de r\u00e9pondre aux exigences de notre cons\u00e9cration pour la plus grande gloire de Dieu et le salut de tous dans le v\u00e9cu des valeurs de la vie religieuse. Comme la Femme-Ap\u00f4tre, nous sommes infatigables dans le service pour mettre l\u2019homme debout. <em>Car la gloire de Dieu c\u2019est l\u2019homme debout<\/em>.<\/span>[\/vc_column_text][\/vc_column][\/vc_row]<\/p>\n<\/div>","protected":false},"excerpt":{"rendered":"<p>[vc_row row_space=&#8221;remove_padding_bottom&#8221;][vc_column][vc_custom_heading text=&#8221;HISTORIQUE DE LA MISSION DU CAMEROUN&#8221; font_container=&#8221;tag:h2|font_size:40|text_align:left|color:%23257016&#8243; google_fonts=&#8221;font_family:Adamina%3Aregular|font_style:400%20regular%3A400%3Anormal&#8221;][vc_empty_space height=&#8221;40px&#8221;][vc_row_inner][vc_column_inner][gva_block_heading title=&#8221;Invitation&#8221; style=&#8221;style-4&#8243; align=&#8221;align-left&#8221;]La pr\u00e9sence des S\u0153urs de la Pr\u00e9sentation en terre Camerounaise est le fruit du labeur de Monseigneur Jean Pasquier. Celui-ci adresse une demande \u00e0 M\u00e8re Jean-Th\u00e9ophane, alors Sup\u00e9rieure g\u00e9n\u00e9rale de la Congr\u00e9gation. Monseigneur Pasquier fait la demande d\u2019une communaut\u00e9 de s\u0153urs pour [&hellip;]<\/p>\n","protected":false},"author":6,"featured_media":0,"parent":0,"menu_order":0,"comment_status":"closed","ping_status":"closed","template":"","meta":{"ngg_post_thumbnail":0,"footnotes":""},"lang":"fr","translations":{"fr":23667},"pll_sync_post":[],"_links":{"self":[{"href":"https:\/\/soeurs-de-la-presentation-de-marie.org\/pom\/wp-json\/wp\/v2\/pages\/23667"}],"collection":[{"href":"https:\/\/soeurs-de-la-presentation-de-marie.org\/pom\/wp-json\/wp\/v2\/pages"}],"about":[{"href":"https:\/\/soeurs-de-la-presentation-de-marie.org\/pom\/wp-json\/wp\/v2\/types\/page"}],"author":[{"embeddable":true,"href":"https:\/\/soeurs-de-la-presentation-de-marie.org\/pom\/wp-json\/wp\/v2\/users\/6"}],"replies":[{"embeddable":true,"href":"https:\/\/soeurs-de-la-presentation-de-marie.org\/pom\/wp-json\/wp\/v2\/comments?post=23667"}],"version-history":[{"count":32,"href":"https:\/\/soeurs-de-la-presentation-de-marie.org\/pom\/wp-json\/wp\/v2\/pages\/23667\/revisions"}],"predecessor-version":[{"id":23743,"href":"https:\/\/soeurs-de-la-presentation-de-marie.org\/pom\/wp-json\/wp\/v2\/pages\/23667\/revisions\/23743"}],"wp:attachment":[{"href":"https:\/\/soeurs-de-la-presentation-de-marie.org\/pom\/wp-json\/wp\/v2\/media?parent=23667"}],"curies":[{"name":"wp","href":"https:\/\/api.w.org\/{rel}","templated":true}]}}