{"id":23893,"date":"2021-09-22T10:58:35","date_gmt":"2021-09-22T08:58:35","guid":{"rendered":"https:\/\/soeurs-de-la-presentation-de-marie.org\/pom\/?page_id=23893"},"modified":"2023-03-02T14:41:13","modified_gmt":"2023-03-02T13:41:13","slug":"laics-consacres","status":"publish","type":"page","link":"https:\/\/soeurs-de-la-presentation-de-marie.org\/pom\/laics-consacres\/","title":{"rendered":"Rencontre internationale 2021"},"content":{"rendered":"<div class=\"wpb-content-wrapper\"><p>[vc_row row_space=&#8221;remove_padding_bottom&#8221;][vc_column][vc_custom_heading text=&#8221;LA\u00cfCS CONSACR\u00c9S&#8221; font_container=&#8221;tag:h2|font_size:50|text_align:center|color:%23187000&#8243; google_fonts=&#8221;font_family:Andada%3Aregular|font_style:400%20regular%3A400%3Anormal&#8221;][vc_empty_space height=&#8221;40px&#8221;][\/vc_column][\/vc_row][vc_row row_space=&#8221;remove_padding_bottom&#8221;][vc_column][vc_custom_heading text=&#8221;Marche en ma pr\u00e8sence&#8221; font_container=&#8221;tag:h2|font_size:85|text_align:center|color:%23a87500&#8243; google_fonts=&#8221;font_family:Euphoria%20Script%3Aregular|font_style:400%20regular%3A400%3Anormal&#8221;][\/vc_column][\/vc_row][vc_row row_space=&#8221;remove_padding_bottom&#8221;][vc_column width=&#8221;1\/6&#8243;][\/vc_column][vc_column width=&#8221;2\/3&#8243;][vc_column_text]<img loading=\"lazy\" decoding=\"async\" class=\"aligncenter wp-image-23913\" src=\"https:\/\/soeurs-de-la-presentation-de-marie.org\/pom\/wp-content\/uploads\/2021\/09\/4e3d8d56926912cf4a2e9582bb5e1730-emmaus-cristo-2.jpg\" alt=\"\" width=\"750\" height=\"560\"><\/p>\n<p>(photo credit: Internet)[\/vc_column_text][\/vc_column][vc_column width=&#8221;1\/6&#8243;][\/vc_column][\/vc_row][vc_row row_space=&#8221;remove_padding_bottom&#8221;][vc_column][vc_custom_heading text=&#8221;24 septembre&#8221; font_container=&#8221;tag:h2|font_size:32|text_align:left|color:%232a7017&#8243; google_fonts=&#8221;font_family:EB%20Garamond%3Aregular|font_style:400%20regular%3A400%3Anormal&#8221; css_animation=&#8221;fadeInRight&#8221;][vc_row_inner][vc_column_inner][vc_custom_heading text=&#8221;Pr\u00e9sences&#8221; font_container=&#8221;tag:h2|font_size:38|text_align:left|color:%232a7017&#8243; google_fonts=&#8221;font_family:Dancing%20Script%3Aregular%2C700|font_style:400%20regular%3A400%3Anormal&#8221;][vc_column_text]<span style=\"color: #008000;\">Plus de 100 s\u0153urs et 35 la\u00efcs.<\/span>[\/vc_column_text][vc_custom_heading text=&#8221;Pr\u00e9sentation :&#8221; font_container=&#8221;tag:h2|font_size:38|text_align:left|color:%232a7017&#8243; google_fonts=&#8221;font_family:Dancing%20Script%3Aregular%2C700|font_style:400%20regular%3A400%3Anormal&#8221; css_animation=&#8221;none&#8221;][vc_column_text]<span style=\"color: #008000;\">Chaque participant disait ce qui la fascine dans la spiritualit\u00e9 et le charisme de Marie Rivier.&nbsp; Voici quelques r\u00e9ponses :<\/span><\/p>\n<p><span style=\"color: #008000;\">Sens de l\u2019offrande, du don total &#8230; \u00c9vangile ouvert &#8230; Foi &#8230; pri\u00e8re &#8230; esprit d\u2019adoration &#8230;&nbsp; confiance en la Providence &#8230; Amour de la Vierge Marie<\/span><\/p>\n<p><span style=\"color: #008000;\">Z\u00e8le&#8230; courage d\u2019enseigner J\u00e9sus Christ &#8230; simplicit\u00e9 &#8230; humilit\u00e9 &#8230;amour des pauvres<\/span><\/p>\n<p><span style=\"color: #008000;\">Elle va au-del\u00e0 de son handicap &#8230; mettons-nous ensemble<\/span>[\/vc_column_text][vc_custom_heading text=&#8221;Mot de bienvenue,&#8221; font_container=&#8221;tag:h2|font_size:38|text_align:left|color:%232a7017&#8243; google_fonts=&#8221;font_family:Dancing%20Script%3Aregular%2C700|font_style:400%20regular%3A400%3Anormal&#8221;][vc_column_text]<\/p>\n<h2><span style=\"color: #008000;\">M\u00e8re Maria dos Anjos Alves, Sup\u00e9rieure g\u00e9n\u00e9rale<\/span><\/h2>\n<p><span style=\"color: #008000;\">Alguns dos seus pensamentos&nbsp;:<\/span><\/p>\n<p><span style=\"color: #008000;\"><strong>&nbsp;&nbsp;&nbsp;&nbsp;&nbsp;&nbsp; <\/strong>C\u2019est la premi\u00e8re fois dans l\u2019histoire de notre Congr\u00e9gation que nous sommes ensemble&nbsp;: s\u0153urs et la\u00efcs consacr\u00e9s.&nbsp; Ensemble vers l\u2019avenir!&nbsp; Marie Rivier&nbsp;: <em>Je br\u00fble du d\u00e9sir de vous voir suivre J\u00e9sus Christ\u2026<\/em>&nbsp; L\u00e0 o\u00f9 nous sommes, le Seigneur nous invite \u00e0 \u00eatre sa pr\u00e9sence.&nbsp; <em>Le plus petit mouvement de pur amour est plus utile \u00e0 l\u2019\u00c9glise que toutes les \u0153uvres r\u00e9unies.<\/em> (Th\u00e9r\u00e8se de Lisieux)&nbsp; Aujourd\u2019hui, le Seigneur nous appelle \u00e0 \u00eatre proph\u00e8tes.<\/span>[\/vc_column_text][vc_custom_heading text=&#8221;Int\u00e9riorisation&#8221; font_container=&#8221;tag:h2|font_size:38|text_align:left|color:%232a7017&#8243; google_fonts=&#8221;font_family:Dancing%20Script%3Aregular%2C700|font_style:400%20regular%3A400%3Anormal&#8221;][vc_column_text]<\/p>\n<h2><span style=\"color: #008000;\"><em>Marche en ma pr\u00e9sence<\/em>\u2026&nbsp; <em>Sur le chemin d\u2019Emma\u00fcs<\/em><\/span><\/h2>\n<p><span style=\"color: #008000;\">Sur le chemin d\u2019Emma\u00fcs, J\u00e9sus explique les \u00c9critures, les \u00e9preuves des proph\u00e8tes.&nbsp; La souffrance du juste entre dans les vues myst\u00e9rieuses de Dieu.&nbsp; Lorsqu\u2019il meurt, il n\u2019a jamais \u00e9t\u00e9 aussi proche de Dieu, jamais il ne fut si proche de l\u2019homme perdu, jamais il n\u2019a rendu Dieu si proche de l\u2019homme\u2026&nbsp; (inspir\u00e9 de \u00c9loi Leclerc, <em>Le Royaume cach\u00e9<\/em>)&nbsp; L\u2019Esprit nous est donn\u00e9, nous pouvons aimer d\u2019un amour infini.&nbsp; <em>Levain et Lumi\u00e8re pour le monde !<\/em><\/span>[\/vc_column_text][vc_custom_heading text=&#8221;Marie Rivier : appel \u00e0 la saintet\u00e9&#8221; font_container=&#8221;tag:h2|font_size:38|text_align:left|color:%232a7017&#8243; google_fonts=&#8221;font_family:Dancing%20Script%3Aregular%2C700|font_style:400%20regular%3A400%3Anormal&#8221;][vc_column_text]<\/p>\n<h2><span style=\"color: #008000;\">Par Marie May Lausier, p.m.<\/span><\/h2>\n<p><span style=\"color: #008000;\">&nbsp;&nbsp;&nbsp;&nbsp;&nbsp;&nbsp; C\u2019est l\u2019Esprit Saint qui sanctifie.&nbsp; Qui est cette femme qui nous appelle \u00e0 la saintet\u00e9?<\/span><\/p>\n<p><span style=\"color: #008000;\">&nbsp;&nbsp;&nbsp;&nbsp;&nbsp;&nbsp; Selon divers auteurs, <strong>Marie Rivier<\/strong> est&nbsp;: une grande missionnaire, un g\u00e9ant spirituel, une charismatique, un proph\u00e8te, une femme enseign\u00e9e par Dieu, une flamme vivante, une mystique sans cesse en croissance dans l\u2019amour.<\/span><\/p>\n<p><span style=\"color: #008000;\">&nbsp;&nbsp;&nbsp;&nbsp;&nbsp;&nbsp; Par notre bapt\u00eame, nous participons \u00e0 la vie du Christ. Marie Rivier nous invite \u00e0 \u00eatre dociles \u00e0 la gr\u00e2ce.&nbsp; <em>Le myst\u00e8re de la virginit\u00e9 est celui de l\u2019union mystique, \u00e0 laquelle tous sont appel\u00e9s par des chemins divers\u2026 <\/em>&nbsp;(R\u00e8gle de Vie, C 24)<\/span><\/p>\n<p><span style=\"color: #008000;\">&nbsp;&nbsp;&nbsp;&nbsp;&nbsp;&nbsp; Marie Rivier nous a parl\u00e9 de <strong>la<\/strong> <strong>bont\u00e9 du P\u00e8re<\/strong> comme chemin de saintet\u00e9.&nbsp; Nous devons refl\u00e9ter la bont\u00e9 de Dieu, comme le Bon Pasteur.&nbsp; L\u2019Eucharistie nous transforme en un autre Christ&nbsp;: pensons, parlons et agissons comme notre <strong>bon Sauveur<\/strong>.<\/span>[\/vc_column_text][vc_custom_heading text=&#8221;V\u0153u de chastet\u00e9&#8221; font_container=&#8221;tag:h2|font_size:38|text_align:left|color:%232a7017&#8243; google_fonts=&#8221;font_family:Dancing%20Script%3Aregular%2C700|font_style:400%20regular%3A400%3Anormal&#8221;][vc_column_text]<\/p>\n<h2><span style=\"color: #008000;\">S\u0153ur Kelly Connors, canoniste<\/span><\/h2>\n<p><span style=\"color: #008000;\">S\u0153ur Kelly a expliqu\u00e9 la diff\u00e9rence entre le v\u0153u public, fait par les religieux et le v\u0153u priv\u00e9, fait par la personne en son nom personnel.&nbsp; Les la\u00efcs consacr\u00e9s s\u2019engagent \u00e0 vivre le v\u0153u priv\u00e9 de chastet\u00e9 dans le c\u00e9libat.&nbsp; Ils font partie de la <em>Famille spirituelle de la Pr\u00e9sentation de Marie<\/em>.&nbsp;<\/span>[\/vc_column_text][vc_custom_heading text=&#8221;Mot de la fin&#8221; font_container=&#8221;tag:h2|font_size:38|text_align:left|color:%232a7017&#8243; google_fonts=&#8221;font_family:Dancing%20Script%3Aregular%2C700|font_style:400%20regular%3A400%3Anormal&#8221;][vc_column_text]<\/p>\n<h2><span style=\"color: #008000;\">M\u00e8re Maria dos Anjos Alves, Sup\u00e9rieure g\u00e9n\u00e9rale<\/span><\/h2>\n<p><span style=\"color: #008000;\">Voici quelques-unes de ses r\u00e9flexions :<\/span><\/p>\n<p><span style=\"color: #008000;\">&nbsp;&nbsp;&nbsp;&nbsp;&nbsp;&nbsp; Il est bon d\u2019\u00eatre ensemble, de partager et de nous conna\u00eetre davantage.&nbsp; <em>J\u00e9sus Christ doit \u00eatre votre lumi\u00e8re, votre force et votre joie.&nbsp; C\u2019est avec lui, c\u2019est par lui que vous ferez le bien.<\/em>&nbsp; (Marie Rivier) &nbsp;Merci beaucoup pour vos t\u00e9moignages, votre joie, votre esp\u00e9rance !<\/span><\/p>\n<p><span style=\"color: #008000;\">Derniers remerciements, derni\u00e8res salutations.&nbsp; Joyeux au revoir !<\/span>[\/vc_column_text][vc_column_text]<\/p>\n<p>ngg_shortcode_0_placeholder[\/vc_column_text][\/vc_column_inner][\/vc_row_inner][\/vc_column][\/vc_row][vc_row row_space=&#8221;remove_padding_top&#8221;][vc_column][\/vc_column][\/vc_row][vc_row row_space=&#8221;remove_padding_top&#8221;][vc_column][vc_custom_heading text=&#8221;22 septembre 2021&#8243; font_container=&#8221;tag:h2|font_size:32|text_align:left|color:%23187000&#8243; google_fonts=&#8221;font_family:EB%20Garamond%3Aregular|font_style:400%20regular%3A400%3Anormal&#8221; css_animation=&#8221;fadeInLeft&#8221;][vc_column_text]<span style=\"color: #003300;\"><strong>Pr\u00e9sences<\/strong>&nbsp;: Conseil g\u00e9n\u00e9ral, Sup\u00e9rieures des Provinces, R\u00e9gions, Missions, Responsables des groupes.<\/span><\/p>\n<p><span style=\"color: #003300;\"><strong>Dans un premier temps<\/strong>, les participantes ont \u00e9t\u00e9 invit\u00e9es \u00e0 se pr\u00e9senter et \u00e0 dire <strong>ce qui les passionne dans le La\u00efcat consacr\u00e9<\/strong> \u00e0 la Pr\u00e9sentation de Marie.&nbsp; Voici quelques exemples&nbsp;:<\/span><\/p>\n<ul>\n<li><span style=\"color: #003300;\">&nbsp;&nbsp;&nbsp;&nbsp;&nbsp;&nbsp;&nbsp;&nbsp;&nbsp;&nbsp;&nbsp; Vivre plus profond\u00e9ment leur bapt\u00eame<\/span><\/li>\n<li><span style=\"color: #003300;\">&nbsp;&nbsp;&nbsp;&nbsp;&nbsp;&nbsp;&nbsp;&nbsp;&nbsp;&nbsp;&nbsp; Le la\u00efcat consacr\u00e9 est une vocation, un appel de l\u2019Esprit<\/span><\/li>\n<li><span style=\"color: #003300;\">&nbsp; &nbsp; &nbsp; &nbsp; &nbsp; &nbsp; Conna\u00eetre davantage J\u00e9sus Christ et Marie Rivier<\/span><\/li>\n<li><span style=\"color: #003300;\">&nbsp;&nbsp;&nbsp;&nbsp;&nbsp;&nbsp;&nbsp;&nbsp;&nbsp;&nbsp;&nbsp; Partager le charisme de Marie Rivier, charisme toujours vivant qui s&#8217;enrichit <\/span><span style=\"color: #003300;\">our la Pr\u00e9sentation de Marie et pour l\u2019\u00c9glise<\/span><\/li>\n<li><span style=\"color: #003300;\">&nbsp;&nbsp;&nbsp;&nbsp;&nbsp;&nbsp;&nbsp;&nbsp;&nbsp;&nbsp;&nbsp; Cr\u00e9er l\u2019unit\u00e9 sur les plans humain et spirituel, partages en profondeur\u2026&nbsp;<\/span><\/li>\n<\/ul>\n<p>[\/vc_column_text][vc_custom_heading text=&#8221;Bienvenue&#8221; font_container=&#8221;tag:h2|font_size:38|text_align:left|color:%232a7017&#8243; google_fonts=&#8221;font_family:Dancing%20Script%3Aregular%2C700|font_style:700%20bold%20regular%3A700%3Anormal&#8221;][vc_column_text]<span style=\"color: #003300;\"><strong>Mot de bienvenue<\/strong> de M\u00e8re Maria dos Anjos Alves, Sup\u00e9rieure g\u00e9n\u00e9rale<\/span><\/p>\n<p><span style=\"color: #003300;\">J\u00e9sus est l\u00e0, au c\u0153ur de ce que nous vivons et \u00e0 cause de cela nous pouvons marcher \u00e0 sa suite en toute confiance, avec nos fr\u00e8res et nos s\u0153urs\u2026<\/span><\/p>\n<p><span style=\"color: #003300;\">Marie Rivier est toute p\u00e9n\u00e9tr\u00e9e de cette pr\u00e9sence de Dieu qui habite son c\u0153ur. En son c\u0153ur, elle puise sa vie, sa force, sa joie.<\/span><\/p>\n<p><span style=\"color: #003300;\">Elle ne fait rien sans lui.&nbsp; Elle le rejoint constamment &#8230; c\u2019est l\u2019ouvrage du c\u0153ur, la pri\u00e8re continuelle.&nbsp; Sa vie en Dieu, c\u2019est sa mission.&nbsp;<\/span><\/p>\n<p><span style=\"color: #003300;\">Cette myst\u00e9rieuse r\u00e9alit\u00e9 de l&#8217;identification au Christ dans la vie et dans l&#8217;action est tout un programme de saintet\u00e9 que Marie Rivier nous offre.<\/span><\/p>\n<p><span style=\"color: #003300;\">C\u2019est ce programme, ce t\u00e9moignage de vie, que nous devons transmettre aux La\u00efcs Consacr\u00e9s pour bien les aider \u00e0 accueillir et \u00e0 vivre ces temps nouveaux que l\u2019Esprit Saint nous pr\u00e9pare en \u00c9glise, avec nos fr\u00e8res et s\u0153urs en humanit\u00e9.&nbsp;<\/span>[\/vc_column_text][vc_custom_heading text=&#8221;Ineriorisation&#8221; font_container=&#8221;tag:h2|font_size:38|text_align:left|color:%23187000&#8243; google_fonts=&#8221;font_family:Dancing%20Script%3Aregular%2C700|font_style:700%20bold%20regular%3A700%3Anormal&#8221;][vc_column_text]<span style=\"color: #003300;\"><strong>Int\u00e9riorisation<\/strong> sur le th\u00e8me <em>Marche en ma pr\u00e9sence<\/em>\u2026 sur le chemin d\u2019Emma\u00fcs<\/span><\/p>\n<p><span style=\"color: #003300;\">Par sa souffrance et sa mort comme un criminel, J\u00e9sus se fait proche de l\u2019humanit\u00e9 perdue et la rapproche du P\u00e8re\u2026 J\u00e9sus est proche de nous, il marche avec nous dans nos peines, nos souffrances et nos d\u00e9ceptions, comme il avait march\u00e9 avec ses disciples sur la route d&#8217;Emma\u00fcs&#8230;<\/span>[\/vc_column_text][vc_custom_heading text=&#8221;Accompagnement spirituel&#8221; font_container=&#8221;tag:h2|font_size:38|text_align:left|color:%23187000&#8243; google_fonts=&#8221;font_family:Dancing%20Script%3Aregular%2C700|font_style:700%20bold%20regular%3A700%3Anormal&#8221;][vc_column_text]<span style=\"color: #003300;\"><strong>R\u00e9flexion sur<\/strong> <strong>l\u2019accompagnement spirituel<\/strong>.&nbsp; Quelles sont les attitudes de l\u2019accompagnateur spirituel?<\/span><\/p>\n<p><span style=\"color: #003300;\">&nbsp;&nbsp;&nbsp;&nbsp;&nbsp;&nbsp;&nbsp;&nbsp;&nbsp;&nbsp;&nbsp; G\u00e9n\u00e9rosit\u00e9, ouverture du c\u0153ur, responsabilit\u00e9<\/span><\/p>\n<p><span style=\"color: #003300;\">&nbsp;&nbsp;&nbsp;&nbsp;&nbsp;&nbsp;&nbsp;&nbsp;&nbsp;&nbsp;&nbsp; Accueil, \u00e9coute, proximit\u00e9, compassion<\/span><\/p>\n<p><span style=\"color: #003300;\">&nbsp;&nbsp;&nbsp;&nbsp;&nbsp;&nbsp;&nbsp;&nbsp;&nbsp;&nbsp;&nbsp; Pri\u00e8re \u00e0 l\u2019Esprit Saint, humilit\u00e9, douceur, souplesse<\/span><\/p>\n<p><span style=\"color: #003300;\">&nbsp;&nbsp;&nbsp;&nbsp;&nbsp;&nbsp;&nbsp;&nbsp;&nbsp;&nbsp;&nbsp; Regard respectueux, confiance<\/span>[\/vc_column_text][vc_custom_heading text=&#8221;Cons\u00e9cration par voeu priv\u00e9 de chastet\u00e9&#8221; font_container=&#8221;tag:h2|font_size:38|text_align:left|color:%23187000&#8243; google_fonts=&#8221;font_family:Dancing%20Script%3Aregular%2C700|font_style:700%20bold%20regular%3A700%3Anormal&#8221;][vc_column_text]<span style=\"color: #003300;\">Avec s\u0153ur Kelly Connors, canoniste&nbsp;: \u00e9change sur le <strong>v\u0153u priv\u00e9 de chastet\u00e9<\/strong> tel que v\u00e9cu par les la\u00efcs consacr\u00e9s dans la Famille spirituelle de la Pr\u00e9sentation de Marie.<\/span><\/p>\n<p><span style=\"color: #003300;\">C&#8217;est dans cet esprit que S. Louise a pr\u00e9sent\u00e9 le Manuel pour les membres du La\u00efc consacr\u00e9s dans la Famille spirituelle de la Pr\u00e9sentation de Marie.<\/span>[\/vc_column_text][vc_custom_heading text=&#8221;Partage d\u2019exp\u00e9riences originales, cr\u00e9atives, qui nous font grandir&#8221; font_container=&#8221;tag:h2|font_size:38|text_align:left|color:%23187000&#8243; google_fonts=&#8221;font_family:Dancing%20Script%3Aregular%2C700|font_style:700%20bold%20regular%3A700%3Anormal&#8221;][vc_column_text]<span style=\"color: #003300;\">&nbsp; &nbsp; &nbsp; &nbsp; &nbsp; &nbsp; Animation \u00e0 tour de r\u00f4le par les membres<\/span><\/p>\n<p><span style=\"color: #003300;\">&nbsp;&nbsp;&nbsp;&nbsp;&nbsp;&nbsp;&nbsp;&nbsp;&nbsp;&nbsp;&nbsp; Formation de personnes int\u00e9ress\u00e9es par les consacr\u00e9es<\/span><\/p>\n<p><span style=\"color: #003300;\">&nbsp;&nbsp;&nbsp;&nbsp;&nbsp;&nbsp;&nbsp;&nbsp;&nbsp;&nbsp;&nbsp; Lectio divina enregistr\u00e9e et r\u00e9pandue par la radio<\/span><\/p>\n<p><span style=\"color: #003300;\">&nbsp;&nbsp;&nbsp;&nbsp;&nbsp;&nbsp;&nbsp;&nbsp;&nbsp;&nbsp;&nbsp; Ouverture, croissance, cr\u00e9ation d\u2019une unit\u00e9 dans le groupe, \u00e9quilibre entre s\u00e9rieux et d\u00e9tente<\/span><\/p>\n<p><span style=\"color: #003300;\">&nbsp;&nbsp;&nbsp;&nbsp;&nbsp;&nbsp;&nbsp;&nbsp;&nbsp;&nbsp;&nbsp; Partage de la foi dans la famille, chapelet, communiquer ses joies et ses souffrances<\/span>[\/vc_column_text][vc_row_inner][vc_column_inner width=&#8221;1\/6&#8243;][\/vc_column_inner][vc_column_inner width=&#8221;2\/3&#8243;][vc_custom_heading text=&#8221;Galerie des photos&#8221; font_container=&#8221;tag:h2|font_size:36|text_align:left|color:%23187000&#8243; google_fonts=&#8221;font_family:Dancing%20Script%3Aregular%2C700|font_style:700%20bold%20regular%3A700%3Anormal&#8221;][vc_column_text]<\/p>\n<p>ngg_shortcode_1_placeholder[\/vc_column_text][\/vc_column_inner][vc_column_inner width=&#8221;1\/6&#8243;][\/vc_column_inner][\/vc_row_inner][\/vc_column][\/vc_row]<\/p>\n<\/div>","protected":false},"excerpt":{"rendered":"<p>[vc_row row_space=&#8221;remove_padding_bottom&#8221;][vc_column][vc_custom_heading text=&#8221;LA\u00cfCS CONSACR\u00c9S&#8221; font_container=&#8221;tag:h2|font_size:50|text_align:center|color:%23187000&#8243; google_fonts=&#8221;font_family:Andada%3Aregular|font_style:400%20regular%3A400%3Anormal&#8221;][vc_empty_space height=&#8221;40px&#8221;][\/vc_column][\/vc_row][vc_row row_space=&#8221;remove_padding_bottom&#8221;][vc_column][vc_custom_heading text=&#8221;Marche en ma pr\u00e8sence&#8221; font_container=&#8221;tag:h2|font_size:85|text_align:center|color:%23a87500&#8243; google_fonts=&#8221;font_family:Euphoria%20Script%3Aregular|font_style:400%20regular%3A400%3Anormal&#8221;][\/vc_column][\/vc_row][vc_row row_space=&#8221;remove_padding_bottom&#8221;][vc_column width=&#8221;1\/6&#8243;][\/vc_column][vc_column width=&#8221;2\/3&#8243;][vc_column_text] (photo credit: Internet)[\/vc_column_text][\/vc_column][vc_column width=&#8221;1\/6&#8243;][\/vc_column][\/vc_row][vc_row row_space=&#8221;remove_padding_bottom&#8221;][vc_column][vc_custom_heading text=&#8221;24 septembre&#8221; font_container=&#8221;tag:h2|font_size:32|text_align:left|color:%232a7017&#8243; google_fonts=&#8221;font_family:EB%20Garamond%3Aregular|font_style:400%20regular%3A400%3Anormal&#8221; css_animation=&#8221;fadeInRight&#8221;][vc_row_inner][vc_column_inner][vc_custom_heading text=&#8221;Pr\u00e9sences&#8221; font_container=&#8221;tag:h2|font_size:38|text_align:left|color:%232a7017&#8243; google_fonts=&#8221;font_family:Dancing%20Script%3Aregular%2C700|font_style:400%20regular%3A400%3Anormal&#8221;][vc_column_text]Plus de 100 s\u0153urs et 35 la\u00efcs.[\/vc_column_text][vc_custom_heading text=&#8221;Pr\u00e9sentation :&#8221; font_container=&#8221;tag:h2|font_size:38|text_align:left|color:%232a7017&#8243; google_fonts=&#8221;font_family:Dancing%20Script%3Aregular%2C700|font_style:400%20regular%3A400%3Anormal&#8221; css_animation=&#8221;none&#8221;][vc_column_text]Chaque participant disait ce qui la fascine dans la spiritualit\u00e9 et le charisme de Marie [&hellip;]<\/p>\n","protected":false},"author":6,"featured_media":0,"parent":0,"menu_order":0,"comment_status":"closed","ping_status":"closed","template":"","meta":{"ngg_post_thumbnail":0,"footnotes":""},"lang":"fr","translations":{"fr":23893},"pll_sync_post":[],"_links":{"self":[{"href":"https:\/\/soeurs-de-la-presentation-de-marie.org\/pom\/wp-json\/wp\/v2\/pages\/23893"}],"collection":[{"href":"https:\/\/soeurs-de-la-presentation-de-marie.org\/pom\/wp-json\/wp\/v2\/pages"}],"about":[{"href":"https:\/\/soeurs-de-la-presentation-de-marie.org\/pom\/wp-json\/wp\/v2\/types\/page"}],"author":[{"embeddable":true,"href":"https:\/\/soeurs-de-la-presentation-de-marie.org\/pom\/wp-json\/wp\/v2\/users\/6"}],"replies":[{"embeddable":true,"href":"https:\/\/soeurs-de-la-presentation-de-marie.org\/pom\/wp-json\/wp\/v2\/comments?post=23893"}],"version-history":[{"count":22,"href":"https:\/\/soeurs-de-la-presentation-de-marie.org\/pom\/wp-json\/wp\/v2\/pages\/23893\/revisions"}],"predecessor-version":[{"id":30132,"href":"https:\/\/soeurs-de-la-presentation-de-marie.org\/pom\/wp-json\/wp\/v2\/pages\/23893\/revisions\/30132"}],"wp:attachment":[{"href":"https:\/\/soeurs-de-la-presentation-de-marie.org\/pom\/wp-json\/wp\/v2\/media?parent=23893"}],"curies":[{"name":"wp","href":"https:\/\/api.w.org\/{rel}","templated":true}]}}