{"id":6174,"date":"2019-03-04T19:09:11","date_gmt":"2019-03-04T18:09:11","guid":{"rendered":"http:\/\/soeurs-de-la-presentation-de-marie.org\/pom\/?page_id=6174"},"modified":"2024-07-29T12:03:14","modified_gmt":"2024-07-29T10:03:14","slug":"consejo-general","status":"publish","type":"page","link":"https:\/\/soeurs-de-la-presentation-de-marie.org\/pom\/consejo-general\/","title":{"rendered":"ADMINISTRACI\u00d3N GENERAL"},"content":{"rendered":"<div class=\"wpb-content-wrapper\"><p>[vc_row row_space=&#8221;remove_padding_bottom&#8221;][vc_column][vc_custom_heading text=&#8221;\u00a1O\u00ed la voz del Se\u00f1or que dec\u00eda :<br \/>\n\u00bfA qui\u00e9n enviar\u00e9? \u00bfY qui\u00e9n ir\u00e1 de parte nuestra?<br \/>\nDije : \u00ab Heme aqu\u00ed : env\u00edame \u00bb<\/p>\n<p>&#8211; Isaias 52,8 -&#8221; font_container=&#8221;tag:h2|font_size:34|text_align:center|color:%231167fc&#8221; google_fonts=&#8221;font_family:Almendra%3Aregular%2Citalic%2C700%2C700italic|font_style:400%20regular%3A400%3Anormal&#8221;][\/vc_column][\/vc_row][vc_row row_space=&#8221;remove_padding_bottom&#8221;][vc_column][vc_custom_heading text=&#8221;En la Congregaci\u00f3n la autoridad es esencialmente espiritual.<br \/>\nProcede de Cristo por mediaci\u00f3n de la Iglesia y se ejerce en su nombre,<br \/>\nsiempre ha de presentar el rostro del amor. C 144&#8243; font_container=&#8221;tag:h2|font_size:42|text_align:center|color:%230081f2&#8243; google_fonts=&#8221;font_family:Italianno%3Aregular|font_style:400%20regular%3A400%3Anormal&#8221;][\/vc_column][\/vc_row][vc_row][vc_column width=&#8221;1\/2&#8243;][vc_column_text]<\/p>\n<p><img loading=\"lazy\" decoding=\"async\" src=\"https:\/\/soeurs-de-la-presentation-de-marie.org\/pom\/wp-content\/uploads\/2024\/07\/mother-704x510.png\" alt=\"\" width=\"704\" height=\"510\" class=\"alignright size-medium wp-image-34771\" \/><\/p>\n<p>[\/vc_column_text][\/vc_column][vc_column width=&#8221;1\/2&#8243;][vc_row_inner][vc_column_inner][\/vc_column_inner][\/vc_row_inner][vc_custom_heading text=&#8221;Como Consejo general, estamos al servicio de cada hermana, de cada Provincia, Regi\u00f3n y Misi\u00f3n de la Presentaci\u00f3n de Mar\u00eda, al servicio de toda la Congregaci\u00f3n y de su Familia Espiritual.<\/p>\n<p>Siempre atentas al Esp\u00edritu Santo y a los signos de los tiempos, caminaremos juntas en fidelidad creativa a nuestra vocaci\u00f3n y misi\u00f3n como Hermanas de la Presentaci\u00f3n de Mar\u00eda.<\/p>\n<p>Es para m\u00ed un placer presentarles a las Consejeras generales que, a lo largo de los pr\u00f3ximos seis a\u00f1os, vivir\u00e1n y trabajar\u00e1n juntas para servir bien a la Congregaci\u00f3n.&#8221; font_container=&#8221;tag:h6|font_size:20|text_align:justify|color:%231081e5|line_height:2&#8243; google_fonts=&#8221;font_family:Alice%3Aregular|font_style:400%20regular%3A400%3Anormal&#8221;][vc_custom_heading text=&#8221;Madre Maria dos Anjos Alves, pm&#8221; font_container=&#8221;tag:h2|font_size:32|text_align:right|color:%231e73be&#8221; google_fonts=&#8221;font_family:Allura%3Aregular|font_style:400%20regular%3A400%3Anormal&#8221;][\/vc_column][\/vc_row][vc_row row_space=&#8221;remove_padding_top&#8221;][vc_column][vc_row_inner][vc_column_inner][vc_single_image image=&#8221;34810&#8243; img_size=&#8221;full&#8221; alignment=&#8221;center&#8221;][\/vc_column_inner][\/vc_row_inner][vc_row_inner][vc_column_inner][vc_column_text]<\/p>\n<p style=\"text-align: center;\"><span style=\"color: #003366;\">El equipo de la Administraci\u00f3n General<\/span><br \/>\n<span style=\"color: #003366;\">2023 &#8211; 2029<\/span><\/p>\n<p>[\/vc_column_text][vc_separator color=&#8221;sky&#8221; style=&#8221;shadow&#8221; el_width=&#8221;80&#8243;][\/vc_column_inner][\/vc_row_inner][vc_column_text]<\/p>\n<p>\n[vc_column_text]<\/p>\n<p>&nbsp;<\/p>\n<p><img loading=\"lazy\" decoding=\"async\" src=\"https:\/\/soeurs-de-la-presentation-de-marie.org\/pom\/wp-content\/uploads\/2024\/07\/irma-teresa-1.png\" alt=\"\" width=\"180\" height=\"190\" class=\"alignright size-medium wp-image-34816\" \/><strong>Hermana Teresa Carolina de Carvalho<\/strong> es natural de Mozambique y naci\u00f3 el 16 de abril de 1970. Hizo su primera profesi\u00f3n el 1 de febrero de 1992 y sus votos perpetuos el 20 de noviembre de 1999. Despu\u00e9s de completar su formaci\u00f3n como profesora de lengua portuguesa, ense\u00f1\u00f3 en dos escuelas p\u00fablicas. &nbsp; &nbsp; &nbsp; &nbsp; &nbsp; &nbsp; &nbsp; &nbsp; &nbsp; &nbsp; &nbsp; &nbsp; &nbsp; &nbsp; &nbsp; &nbsp; &nbsp; &nbsp; &nbsp; &nbsp; &nbsp; &nbsp; &nbsp; &nbsp; &nbsp; &nbsp; &nbsp; &nbsp; &nbsp; &nbsp; &nbsp; &nbsp; &nbsp; &nbsp; &nbsp; &nbsp; &nbsp; &nbsp; &nbsp; &nbsp; &nbsp; &nbsp; &nbsp; &nbsp; &nbsp; &nbsp; &nbsp; &nbsp; &nbsp; &nbsp; &nbsp; &nbsp; &nbsp; &nbsp; &nbsp; &nbsp;&nbsp;<\/p>\n<p>Sus diversos ministerios parroquiales, especialmente la pastoral juvenil y la animaci\u00f3n lit\u00fargica, fueron espacios privilegiados para que ella ejerciera el celo apost\u00f3lico de Santa Mar\u00eda Rivier. Despu\u00e9s de haber obtenido la Licenciatura de Estudios Religiosos y de Educaci\u00f3n Moral y C\u00edvica, fue llamada a servir como Maestra de Postulantes y Novicias durante nueve a\u00f1os, y luego como Superiora Provincial durante ocho a\u00f1os. Ella agradece a Dios por haber tenido la gracia de formar parte del Consejo Permanente de la Conferencia de Religiosos de Mozambique (CIRMO). En 2025 finalizar\u00e1 su servicio como miembro del consejo ejecutivo de la Confederaci\u00f3n de conferencias de Superiores\/as Mayores de \u00c1frica y Madagascar -COSMAM- y al mismo tiempo miembro del Consejo de la Conferencia de Religiosos de la Regi\u00f3n de \u00c1frica Austral.<\/p>\n<p>Los diversos encuentros a nivel de la Iglesia y de la Congregaci\u00f3n han sido para ella una verdadera escuela de fe. Su participaci\u00f3n al servicio de la Congregaci\u00f3n como miembro de la Administraci\u00f3n general es ahora una oportunidad para crecer y seguir viviendo el S\u00cd que dio el d\u00eda de su primera profesi\u00f3n.<em>&#8220;Permaneced en m\u00ed, y yo permanecer\u00e9 en vosotros&#8221; <\/em>. (Jn 15,4) es el texto que le inspira y anima en cada momento de su vida.<\/p>\n<p>&nbsp;<\/p>\n<p><img loading=\"lazy\" decoding=\"async\" src=\"https:\/\/soeurs-de-la-presentation-de-marie.org\/pom\/wp-content\/uploads\/2024\/07\/s-mberry.png\" alt=\"\" width=\"180\" height=\"180\" class=\"alignleft size-full wp-image-34820\" \/><strong>Hermana Marie Mberry Diatta<\/strong> de la Provincia de Senegal\/Burkina Faso, naci\u00f3 el 27 de septiembre de 1965 en Diemb\u00e9ring, en la regi\u00f3n de Ziguinchor. Hizo su primera profesi\u00f3n el 8 de septiembre de 1989 en Gambia.<\/p>\n<p>Desde entonces, ha tenido la alegr\u00eda de vivir varias experiencias:  acompa\u00f1amiento de j\u00f3venes en la pastoral  juvenil, Scouts y Gu\u00edas, j\u00f3venes profesas, despertar vocacional, superiora local, consejera y asistente provincial.<br \/>Despu\u00e9s de unos a\u00f1os de ense\u00f1anza en la escuela primaria, se form\u00f3 en contabilidad y gesti\u00f3n financiera, lo que le permiti\u00f3 ser ec\u00f3noma provincial durante varios a\u00f1os. Recibi\u00f3 una peque\u00f1a formaci\u00f3n en pastoral y acompa\u00f1amiento. Desde hace  tres a\u00f1os, ha estado a cargo del Centro Espiritual Mont-Tabor. Esta misi\u00f3n le ha dado la oportunidad de cultivar la capacidad de la  escucha atenta. &nbsp; &nbsp; &nbsp; &nbsp; &nbsp; &nbsp; &nbsp; &nbsp; &nbsp; &nbsp; &nbsp; &nbsp; &nbsp; &nbsp; &nbsp; &nbsp; &nbsp; &nbsp; &nbsp; &nbsp; &nbsp; &nbsp; &nbsp; &nbsp; &nbsp; &nbsp; &nbsp; &nbsp; &nbsp; &nbsp; &nbsp; &nbsp; &nbsp; &nbsp; &nbsp; &nbsp; &nbsp; &nbsp; &nbsp; &nbsp; &nbsp; &nbsp; &nbsp; &nbsp; &nbsp; &nbsp; &nbsp;&nbsp;<\/p>\n<p>Le gustan los deportes, la lectura, escuchar m\u00fasica suave y el asueto comunitario. La palabra de Dios que siempre la ha estimulado es Rom 12: <em>&#8220;Os exhorto, pues, hermanos, por la misericordia de Dios, a que ofrezc\u00e1is vuestras personas como hostia viva, santa, agradable a Dios&#8230;\u2009&#8221;.<\/em>&nbsp;<\/p>\n<p>&nbsp;<\/p>\n<p><img loading=\"lazy\" decoding=\"async\" src=\"https:\/\/soeurs-de-la-presentation-de-marie.org\/pom\/wp-content\/uploads\/2024\/07\/s-jane-e1721554379418-645x510.png\" alt=\"\" width=\"180\" height=\"185\" class=\"alignright size-medium wp-image-34784\" \/><strong>Hermana Jane Wilkinson<\/strong> naci\u00f3 el 19 de junio de 1958 en la ciudad de Rochester, Inglaterra. Despu\u00e9s de una licenciatura en franc\u00e9s, se dedic\u00f3 a la ense\u00f1anza, pero r\u00e1pidamente comprendi\u00f3 que no era su vocaci\u00f3n y se form\u00f3 como terapeuta ocupacional. Le ha gustado mucho el trabajo que ejerc\u00eda con los ancianos y especialmente con los enfermos de Alzheimer, feliz de ser presencia de Cristo en las residencias de ancianos dependientes -EHPAD- o en los hospitales p\u00fablicos, primero en Inglaterra y luego en Francia.<br \/>Se encontr\u00f3 con las hermanas de la Presentaci\u00f3n de Mar\u00eda durante sus estudios y se qued\u00f3 impresionada por su alegr\u00eda y tambi\u00e9n por la persona de Marie Rivier. Hizo su primera profesi\u00f3n el 24 de noviembre de 1989. Despu\u00e9s de 11 a\u00f1os en Exeter, fue llamada a Francia, donde vivi\u00f3 durante 23 a\u00f1os. Fue nombrada Superiora Provincial de Francia en 2016.<br \/>Detenerse al borde del mar la calma y la renueva. Le gusta caminar, ver rugby y leer. Una palabra de Dios que siempre la ha puesto en movimiento: <em>&#8220;Se te ha declarado, lo que es bueno, lo que el Se\u00f1or de ti reclama: tan solo practicar la equidad , amar la piedad y caminar  humildemente con tu Se\u00f1or&#8221;<\/em> (Miqueas 6,8).<\/p>\n<p>&nbsp;<\/p>\n<p><img loading=\"lazy\" decoding=\"async\" src=\"https:\/\/soeurs-de-la-presentation-de-marie.org\/pom\/wp-content\/uploads\/2024\/07\/s-michelle-750x510.png\" alt=\"\" width=\"180\" height=\"200\" class=\"alignleft size-medium wp-image-34792\" \/><strong>Hermana Michelle A. Kujabi<\/strong> naci\u00f3 en Bwiam, Gambia, el 13 13 de enero de 1969. Naci\u00f3 en el a\u00f1o en que las hermanas de la Presentaci\u00f3n de Mar\u00eda abrieron el convento de Bwiam. Comenz\u00f3 su postulantado en octubre de 1988 en Fajara. Hizo su primera profesi\u00f3n el 28 de septiembre de 1991 y sus votos perpetuos el 27 de diciembre de 1997 en Thi\u00e8s, en Senegal.<\/p>\n<p>Se form\u00f3 en Gambia College, donde obtuvo su diploma de ense\u00f1anza primaria y superior. En 1999 asisti\u00f3 a la formaci\u00f3n de formadores en Roma organizada por la UISG. En octubre de 2000 fue nombrada maestra de postulantes y continu\u00f3 ense\u00f1ando en el colegio en el ciclo superior de Sainte-Th\u00e9r\u00e8se. En 2006, cuando Gambia se convirti\u00f3 en Misi\u00f3n, fue nombrada ec\u00f3noma, funci\u00f3n que ejerci\u00f3 hasta el Cap\u00edtulo general. Asisti\u00f3 a un programa de capacitaci\u00f3n de contabilidad para facilitar su trabajo de ec\u00f3noma. Como maestra, ense\u00f1\u00f3 durante tres a\u00f1os en la escuela primaria y cinco a\u00f1os en el ciclo b\u00e1sico superior.<\/p>\n<p>En la Regi\u00f3n, trabaj\u00f3 en pastoral, especialmente con las mujeres pertenecientes a las Asociadas de Santa Mar\u00eda Rivier. En 2016 fue nombrada consejera regional y en febrero de 2022 se convirti\u00f3 en asistente de la Regi\u00f3n. En su tiempo libre, le gusta socializar y trabajar en el jard\u00edn. La Palabra de Dios que le da vida es 2 Corintios 12, 9.: \u201c<em>Mi gracia te basta, que mi fuerza se muestra perfecta en la flaqueza.<\/em>\u201d<\/p>\n<p>&nbsp;<\/p>\n<p><img loading=\"lazy\" decoding=\"async\" src=\"https:\/\/soeurs-de-la-presentation-de-marie.org\/pom\/wp-content\/uploads\/2024\/07\/s-danielle-cropped-609x510.png\" alt=\"\" width=\"180\" height=\"180\" class=\"alignright size-medium wp-image-34833\" \/><strong>Hermana Danielle Duplessis<\/strong> naci\u00f3 en Sherbrooke, Canad\u00e1, el 19 de abril de 1951.  Proviene de una familia de siete hijos.  Antes de entrar en la congregaci\u00f3n en 1995, trabaj\u00f3 en un banco, se ofreci\u00f3 como voluntaria en el servicio de escucha telef\u00f3nica y trabaj\u00f3 con mujeres en dificultad, mientras cursaba estudios en psicolog\u00eda. Posteriormente, ha actuado como psic\u00f3loga en escuelas primarias y secundarias y al mismo tiempo con adultos.<\/p>\n<p>En comunidad, ha obtenido un diploma especializado en acompa\u00f1amiento espiritual ignaciano y ha impartido formaci\u00f3n.  Ha trabajado en pastoral con ni\u00f1os y en diversos movimientos de adolescentes, adem\u00e1s de brindar acompa\u00f1amiento espiritual a adultos. Ha sido consejera provincial, superiora y responsable de laicas consagradas. Le gustan los crucigramas, leer y caminar.  La Palabra de Dios que le interpela: <em>&#8220;Ensancha el espacio de tu tienda.&#8221;<\/em> (Isa\u00edas 54,2)<\/p>\n<p>&nbsp;<\/p>\n<p><img loading=\"lazy\" decoding=\"async\" src=\"https:\/\/soeurs-de-la-presentation-de-marie.org\/pom\/wp-content\/uploads\/2024\/07\/s-gina-mae.png\" alt=\"\" width=\"180\" height=\"180\" class=\"alignleft size-medium wp-image-34780\" \/><strong>Hermana Gina Mae Campugan<\/strong> naci\u00f3 en la ciudad de Davao, Filipinas. Fue alumna de las hermanas de la Presentaci\u00f3n de Mar\u00eda en la escuela secundaria. Su fascinaci\u00f3n por la ciencia la hizo enamorarse de Dios y la vida de Santa Mar\u00eda Rivier la atrajo a convertirse en una de sus hijas. Ingres\u00f3 en la congregaci\u00f3n en el a\u00f1o de su bicentenario, en 1996, e hizo su primera profesi\u00f3n el 1 de mayo del a\u00f1o jubilar, en el a\u00f1o 2000.<br \/>Es profesora de matem\u00e1ticas de profesi\u00f3n y encargada de la juventud por pasi\u00f3n. Sus experiencias apost\u00f3licas incluyen la administraci\u00f3n escolar, la promoci\u00f3n vocacional, la direcci\u00f3n espiritual, la pastoral juvenil dentro y fuera de la escuela, la pastoral social, la defensa del medio ambiente y la animaci\u00f3n de los Asociados de Mar\u00eda Rivier. Tambi\u00e9n se ha desempe\u00f1ado como superiora local, consejera provincial y secretaria de la Provincia de Filipinas y encargada de las comunicaciones sociales de una di\u00f3cesis.<br \/>&nbsp; &nbsp; &nbsp; &nbsp; &nbsp; &nbsp; &nbsp; &nbsp; &nbsp; &nbsp; &nbsp; &nbsp; &nbsp; &nbsp; &nbsp; &nbsp; &nbsp; &nbsp; &nbsp; &nbsp; &nbsp;<\/p>\n<p>Le gusta ense\u00f1ar, aprender idiomas, leer, escuchar a la gente, impartir retiros, dirigir convivencias, crear juegos y editar videos.  Ella cree con alegr\u00eda que: \u201c<em>Bienaventurados los que escuchan la palabra de Dios y la guardan<\/em>\u201d (Lucas 11,28).<\/p>\n<p>[\/vc_column_text][\/vc_column][\/vc_row][vc_row][vc_column][\/vc_column][\/vc_row]<\/p>\n<\/div>","protected":false},"excerpt":{"rendered":"<p>[vc_row row_space=&#8221;remove_padding_bottom&#8221;][vc_column][vc_custom_heading text=&#8221;\u00a1O\u00ed la voz del Se\u00f1or que dec\u00eda : \u00bfA qui\u00e9n enviar\u00e9? \u00bfY qui\u00e9n ir\u00e1 de parte nuestra? Dije : \u00ab Heme aqu\u00ed : env\u00edame \u00bb &#8211; Isaias 52,8 -&#8221; font_container=&#8221;tag:h2|font_size:34|text_align:center|color:%231167fc&#8221; google_fonts=&#8221;font_family:Almendra%3Aregular%2Citalic%2C700%2C700italic|font_style:400%20regular%3A400%3Anormal&#8221;][\/vc_column][\/vc_row][vc_row row_space=&#8221;remove_padding_bottom&#8221;][vc_column][vc_custom_heading text=&#8221;En la Congregaci\u00f3n la autoridad es esencialmente espiritual. Procede de Cristo por mediaci\u00f3n de la Iglesia y se ejerce en su [&hellip;]<\/p>\n","protected":false},"author":3,"featured_media":0,"parent":0,"menu_order":4,"comment_status":"closed","ping_status":"closed","template":"","meta":{"ngg_post_thumbnail":0,"footnotes":""},"lang":"es","translations":{"es":6174,"en":6122,"fr":4476,"pt":6148},"pll_sync_post":[],"_links":{"self":[{"href":"https:\/\/soeurs-de-la-presentation-de-marie.org\/pom\/wp-json\/wp\/v2\/pages\/6174"}],"collection":[{"href":"https:\/\/soeurs-de-la-presentation-de-marie.org\/pom\/wp-json\/wp\/v2\/pages"}],"about":[{"href":"https:\/\/soeurs-de-la-presentation-de-marie.org\/pom\/wp-json\/wp\/v2\/types\/page"}],"author":[{"embeddable":true,"href":"https:\/\/soeurs-de-la-presentation-de-marie.org\/pom\/wp-json\/wp\/v2\/users\/3"}],"replies":[{"embeddable":true,"href":"https:\/\/soeurs-de-la-presentation-de-marie.org\/pom\/wp-json\/wp\/v2\/comments?post=6174"}],"version-history":[{"count":21,"href":"https:\/\/soeurs-de-la-presentation-de-marie.org\/pom\/wp-json\/wp\/v2\/pages\/6174\/revisions"}],"predecessor-version":[{"id":34871,"href":"https:\/\/soeurs-de-la-presentation-de-marie.org\/pom\/wp-json\/wp\/v2\/pages\/6174\/revisions\/34871"}],"wp:attachment":[{"href":"https:\/\/soeurs-de-la-presentation-de-marie.org\/pom\/wp-json\/wp\/v2\/media?parent=6174"}],"curies":[{"name":"wp","href":"https:\/\/api.w.org\/{rel}","templated":true}]}}